{"id":195,"date":"2026-08-10T18:40:17","date_gmt":"2026-08-10T18:40:17","guid":{"rendered":"https:\/\/elbufondelacorte.com\/?page_id=195"},"modified":"2026-09-03T19:07:34","modified_gmt":"2026-09-03T19:07:34","slug":"about-us","status":"publish","type":"page","link":"https:\/\/elbufondelacorte.com\/nl\/over-ons\/","title":{"rendered":"Over ons"},"content":{"rendered":"<div data-elementor-type=\"wp-page\" data-elementor-id=\"195\" class=\"elementor elementor-195\" data-elementor-post-type=\"page\">\n\t\t\t\t<div class=\"elementor-element elementor-element-8473574 e-flex e-con-boxed e-con e-parent\" data-id=\"8473574\" data-element_type=\"container\" data-e-type=\"container\" data-settings=\"{&quot;background_background&quot;:&quot;classic&quot;}\">\n\t\t\t\t\t<div class=\"e-con-inner\">\n\t\t<div class=\"elementor-element elementor-element-6bce60f e-con-full e-flex e-con e-child\" data-id=\"6bce60f\" data-element_type=\"container\" data-e-type=\"container\">\n\t\t\t\t<div class=\"elementor-element elementor-element-3b805fe elementor-widget elementor-widget-image\" data-id=\"3b805fe\" data-element_type=\"widget\" data-e-type=\"widget\" data-widget_type=\"image.default\">\n\t\t\t\t\t\t\t\t\t\t\t\t\t\t\t<img fetchpriority=\"high\" decoding=\"async\" width=\"800\" height=\"601\" src=\"https:\/\/elbufondelacorte.com\/wp-content\/uploads\/2026\/08\/Frank-en-Saskia.jpg\" class=\"attachment-large size-large wp-image-609\" alt=\"\" srcset=\"https:\/\/elbufondelacorte.com\/wp-content\/uploads\/2026\/08\/Frank-en-Saskia.jpg 823w, https:\/\/elbufondelacorte.com\/wp-content\/uploads\/2026\/08\/Frank-en-Saskia-300x225.jpg 300w, https:\/\/elbufondelacorte.com\/wp-content\/uploads\/2026\/08\/Frank-en-Saskia-768x577.jpg 768w, https:\/\/elbufondelacorte.com\/wp-content\/uploads\/2026\/08\/Frank-en-Saskia-16x12.jpg 16w\" sizes=\"(max-width: 800px) 100vw, 800px\" \/>\t\t\t\t\t\t\t\t\t\t\t\t\t\t\t<\/div>\n\t\t\t\t<\/div>\n\t\t<div class=\"elementor-element elementor-element-51b6aa1 e-con-full e-flex e-con e-child\" data-id=\"51b6aa1\" data-element_type=\"container\" data-e-type=\"container\">\n\t\t<div class=\"elementor-element elementor-element-ffa8af0 e-con-full e-flex e-con e-child\" data-id=\"ffa8af0\" data-element_type=\"container\" data-e-type=\"container\">\n\t\t\t\t<div class=\"elementor-element elementor-element-9ef549c elementor-widget elementor-widget-heading\" data-id=\"9ef549c\" data-element_type=\"widget\" data-e-type=\"widget\" data-widget_type=\"heading.default\">\n\t\t\t\t\t<h1 class=\"elementor-heading-title elementor-size-default\">Een historische plek, die met hart en ziel wordt gedeeld<\/h1>\t\t\t\t<\/div>\n\t\t\t\t<div class=\"elementor-element elementor-element-dcc8396 elementor-widget elementor-widget-text-editor\" data-id=\"dcc8396\" data-element_type=\"widget\" data-e-type=\"widget\" data-widget_type=\"text-editor.default\">\n\t\t\t\t\t\t\t\t\tMaak kennis met Frank en Saskia en ontdek hoe een nieuw hoofdstuk in hun leven hen vanuit Nederland naar een historische watermolen in de bergen van M\u00e1laga heeft geleid.\t\t\t\t\t\t\t\t<\/div>\n\t\t\t\t<\/div>\n\t\t\t\t<div class=\"elementor-element elementor-element-24a3056 elementor-widget elementor-widget-button\" data-id=\"24a3056\" data-element_type=\"widget\" data-e-type=\"widget\" data-widget_type=\"button.default\">\n\t\t\t\t\t\t\t\t\t\t<a class=\"elementor-button elementor-button-link elementor-size-sm\" href=\"\/nl\/rooms\/\">\n\t\t\t\t\t\t<span class=\"elementor-button-content-wrapper\">\n\t\t\t\t\t\t\t\t\t<span class=\"elementor-button-text\">Ontdek onze kamers<\/span>\n\t\t\t\t\t<\/span>\n\t\t\t\t\t<\/a>\n\t\t\t\t\t\t\t\t<\/div>\n\t\t\t\t<\/div>\n\t\t\t\t\t<\/div>\n\t\t\t\t<\/div>\n\t\t<div class=\"elementor-element elementor-element-abe1ae7 e-flex e-con-boxed e-con e-parent\" data-id=\"abe1ae7\" data-element_type=\"container\" data-e-type=\"container\">\n\t\t\t\t\t<div class=\"e-con-inner\">\n\t\t<div class=\"elementor-element elementor-element-180cd23 e-con-full e-flex e-con e-child\" data-id=\"180cd23\" data-element_type=\"container\" data-e-type=\"container\">\n\t\t\t\t<div class=\"elementor-element elementor-element-fb73a2d elementor-widget elementor-widget-heading\" data-id=\"fb73a2d\" data-element_type=\"widget\" data-e-type=\"widget\" data-widget_type=\"heading.default\">\n\t\t\t\t\t<h2 class=\"elementor-heading-title elementor-size-default\">Van Nederland naar Andalusi\u00eb<\/h2>\t\t\t\t<\/div>\n\t\t\t\t<\/div>\n\t\t<div class=\"elementor-element elementor-element-b6a1501 e-con-full e-flex e-con e-child\" data-id=\"b6a1501\" data-element_type=\"container\" data-e-type=\"container\">\n\t\t<div class=\"elementor-element elementor-element-fc0ba97 e-con-full e-flex e-con e-child\" data-id=\"fc0ba97\" data-element_type=\"container\" data-e-type=\"container\">\n\t\t\t\t<div class=\"elementor-element elementor-element-6b6513c elementor-widget elementor-widget-image\" data-id=\"6b6513c\" data-element_type=\"widget\" data-e-type=\"widget\" data-widget_type=\"image.default\">\n\t\t\t\t\t\t\t\t\t\t\t\t\t\t\t<img decoding=\"async\" width=\"683\" height=\"1024\" src=\"https:\/\/elbufondelacorte.com\/wp-content\/uploads\/2026\/09\/Frank-en-Saskia-El-Bufon-683x1024.jpg\" class=\"attachment-large size-large wp-image-772\" alt=\"\" srcset=\"https:\/\/elbufondelacorte.com\/wp-content\/uploads\/2026\/09\/Frank-en-Saskia-El-Bufon-683x1024.jpg 683w, https:\/\/elbufondelacorte.com\/wp-content\/uploads\/2026\/09\/Frank-en-Saskia-El-Bufon-200x300.jpg 200w, https:\/\/elbufondelacorte.com\/wp-content\/uploads\/2026\/09\/Frank-en-Saskia-El-Bufon-768x1152.jpg 768w, https:\/\/elbufondelacorte.com\/wp-content\/uploads\/2026\/09\/Frank-en-Saskia-El-Bufon-8x12.jpg 8w, https:\/\/elbufondelacorte.com\/wp-content\/uploads\/2026\/09\/Frank-en-Saskia-El-Bufon.jpg 1024w\" sizes=\"(max-width: 683px) 100vw, 683px\" \/>\t\t\t\t\t\t\t\t\t\t\t\t\t\t\t<\/div>\n\t\t\t\t<div class=\"elementor-element elementor-element-d5fb4a1 elementor-widget elementor-widget-image\" data-id=\"d5fb4a1\" data-element_type=\"widget\" data-e-type=\"widget\" data-widget_type=\"image.default\">\n\t\t\t\t\t\t\t\t\t\t\t\t\t\t\t<img decoding=\"async\" width=\"683\" height=\"1024\" src=\"https:\/\/elbufondelacorte.com\/wp-content\/uploads\/2026\/09\/Honden-El-Bufon-683x1024.jpg\" class=\"attachment-large size-large wp-image-771\" alt=\"\" srcset=\"https:\/\/elbufondelacorte.com\/wp-content\/uploads\/2026\/09\/Honden-El-Bufon-683x1024.jpg 683w, https:\/\/elbufondelacorte.com\/wp-content\/uploads\/2026\/09\/Honden-El-Bufon-200x300.jpg 200w, https:\/\/elbufondelacorte.com\/wp-content\/uploads\/2026\/09\/Honden-El-Bufon-768x1152.jpg 768w, https:\/\/elbufondelacorte.com\/wp-content\/uploads\/2026\/09\/Honden-El-Bufon-8x12.jpg 8w, https:\/\/elbufondelacorte.com\/wp-content\/uploads\/2026\/09\/Honden-El-Bufon.jpg 1024w\" sizes=\"(max-width: 683px) 100vw, 683px\" \/>\t\t\t\t\t\t\t\t\t\t\t\t\t\t\t<\/div>\n\t\t\t\t<\/div>\n\t\t<div class=\"elementor-element elementor-element-112734e e-con-full e-flex e-con e-child\" data-id=\"112734e\" data-element_type=\"container\" data-e-type=\"container\">\n\t\t<div class=\"elementor-element elementor-element-25373a4 e-con-full e-flex e-con e-child\" data-id=\"25373a4\" data-element_type=\"container\" data-e-type=\"container\">\n\t\t\t\t<div class=\"elementor-element elementor-element-aea7baa elementor-widget elementor-widget-text-editor\" data-id=\"aea7baa\" data-element_type=\"widget\" data-e-type=\"widget\" data-widget_type=\"text-editor.default\">\n\t\t\t\t\t\t\t\t\tWij zijn Frank en Saskia, allebei geboren en getogen in Valkenswaard in Nederland. Frank heeft jarenlang in de bouw gewerkt, terwijl Saskia als directiesecretaresse bij een brouwerij werkte. Nu onze kinderen het huis uit waren, vonden we dat het tijd was voor iets heel anders. Onze kinderen waren het huis uit en we waren toe aan meer rust, ruimte en een nieuw avontuur. Tijdens onze vakanties in Andalusi\u00eb waren we al verliefd geworden op het landschap, het klimaat en het rustigere levenstempo. In 2022 besloten we dat gevoel een vast gegeven te maken en verhuisden we naar Carratraca, een klein bergdorpje in de provincie M\u00e1laga, dat liefkozend \u2018de diamant van M\u00e1laga\u2019 wordt genoemd.\t\t\t\t\t\t\t\t<\/div>\n\t\t<div class=\"elementor-element elementor-element-8f96a2b e-con-full e-flex e-con e-child\" data-id=\"8f96a2b\" data-element_type=\"container\" data-e-type=\"container\">\n\t\t\t\t<div class=\"elementor-element elementor-element-c86f8d4 elementor-widget elementor-widget-image\" data-id=\"c86f8d4\" data-element_type=\"widget\" data-e-type=\"widget\" data-widget_type=\"image.default\">\n\t\t\t\t\t\t\t\t\t\t\t\t\t\t\t<img loading=\"lazy\" decoding=\"async\" width=\"800\" height=\"534\" src=\"https:\/\/elbufondelacorte.com\/wp-content\/uploads\/2026\/08\/WhatsApp-Image-2026-08-24-at-11.41.33-1024x683.jpeg\" class=\"attachment-large size-large wp-image-710\" alt=\"\" srcset=\"https:\/\/elbufondelacorte.com\/wp-content\/uploads\/2026\/08\/WhatsApp-Image-2026-08-24-at-11.41.33-1024x683.jpeg 1024w, https:\/\/elbufondelacorte.com\/wp-content\/uploads\/2026\/08\/WhatsApp-Image-2026-08-24-at-11.41.33-300x200.jpeg 300w, https:\/\/elbufondelacorte.com\/wp-content\/uploads\/2026\/08\/WhatsApp-Image-2026-08-24-at-11.41.33-768x512.jpeg 768w, https:\/\/elbufondelacorte.com\/wp-content\/uploads\/2026\/08\/WhatsApp-Image-2026-08-24-at-11.41.33-18x12.jpeg 18w, https:\/\/elbufondelacorte.com\/wp-content\/uploads\/2026\/08\/WhatsApp-Image-2026-08-24-at-11.41.33.jpeg 1264w\" sizes=\"(max-width: 800px) 100vw, 800px\" \/>\t\t\t\t\t\t\t\t\t\t\t\t\t\t\t<\/div>\n\t\t<div class=\"elementor-element elementor-element-414d2b7 e-con-full e-flex e-con e-child\" data-id=\"414d2b7\" data-element_type=\"container\" data-e-type=\"container\">\n\t\t\t\t<div class=\"elementor-element elementor-element-d312e2e elementor-widget elementor-widget-heading\" data-id=\"d312e2e\" data-element_type=\"widget\" data-e-type=\"widget\" data-widget_type=\"heading.default\">\n\t\t\t\t\t<h3 class=\"elementor-heading-title elementor-size-default\">Maak kennis met Chica &amp; Zo\u00eb<\/h3>\t\t\t\t<\/div>\n\t\t\t\t<div class=\"elementor-element elementor-element-d780012 elementor-widget elementor-widget-text-editor\" data-id=\"d780012\" data-element_type=\"widget\" data-e-type=\"widget\" data-widget_type=\"text-editor.default\">\n\t\t\t\t\t\t\t\t\tChica en Zo\u00eb zijn niet weg te denken uit het dagelijks leven bij El Buf\u00f3n de la Corte. Ze vinden het altijd leuk om nieuwe gezichten te verwelkomen en delen graag wat aandacht en genegenheid met onze gasten.\t\t\t\t\t\t\t\t<\/div>\n\t\t\t\t<\/div>\n\t\t\t\t<\/div>\n\t\t\t\t<\/div>\n\t\t\t\t<\/div>\n\t\t\t\t<\/div>\n\t\t\t\t\t<\/div>\n\t\t\t\t<\/div>\n\t\t<div class=\"elementor-element elementor-element-789e121 e-flex e-con-boxed e-con e-parent\" data-id=\"789e121\" data-element_type=\"container\" data-e-type=\"container\">\n\t\t\t\t\t<div class=\"e-con-inner\">\n\t\t<div class=\"elementor-element elementor-element-e6e543c e-con-full e-flex e-con e-child\" data-id=\"e6e543c\" data-element_type=\"container\" data-e-type=\"container\">\n\t\t<div class=\"elementor-element elementor-element-9c83906 e-con-full e-flex e-con e-child\" data-id=\"9c83906\" data-element_type=\"container\" data-e-type=\"container\">\n\t\t\t\t<div class=\"elementor-element elementor-element-0a29701 elementor-widget elementor-widget-heading\" data-id=\"0a29701\" data-element_type=\"widget\" data-e-type=\"widget\" data-widget_type=\"heading.default\">\n\t\t\t\t\t<h2 class=\"elementor-heading-title elementor-size-default\">Als deze muren konden praten<\/h2>\t\t\t\t<\/div>\n\t\t\t\t<div class=\"elementor-element elementor-element-da25716 elementor-widget elementor-widget-text-editor\" data-id=\"da25716\" data-element_type=\"widget\" data-e-type=\"widget\" data-widget_type=\"text-editor.default\">\n\t\t\t\t\t\t\t\t\t<p>El Buf\u00f3n de la Corte heeft een geschiedenis die al lang v\u00f3\u00f3r onze komst begon. De oorspronkelijke watermolen dateert van rond 1880 en werd in 1963 uit een ru\u00efne gerestaureerd. We zeggen vaak dat als de muren en vloeren konden praten, we heel graag zouden willen horen welke verhalen ze te vertellen zouden hebben.<\/p><p>In 2022 zijn we een nieuw hoofdstuk in ons eigen verhaal begonnen. We hebben het pand zelf nieuw leven ingeblazen en omgetoverd tot El Buf\u00f3n de la Corte, een B&amp;B met zes kamers en eigen badkamers. Door het hele huis heen zijn originele details, zoals de oude molenstenen, nog steeds zichtbaar in de vloeren en muren, waardoor de geschiedenis hier deel uitmaakt van het dagelijks leven.<\/p>\t\t\t\t\t\t\t\t<\/div>\n\t\t\t\t<\/div>\n\t\t<div class=\"elementor-element elementor-element-0a0c0f6 e-con-full e-flex e-con e-child\" data-id=\"0a0c0f6\" data-element_type=\"container\" data-e-type=\"container\">\n\t\t\t\t<div class=\"elementor-element elementor-element-7e9dd80 elementor-widget elementor-widget-counter\" data-id=\"7e9dd80\" data-element_type=\"widget\" data-e-type=\"widget\" data-widget_type=\"counter.default\">\n\t\t\t\t\t\t\t<div class=\"elementor-counter\">\n\t\t\t<div class=\"elementor-counter-title\">Oorspronkelijke watermolen<\/div>\t\t\t<div class=\"elementor-counter-number-wrapper\">\n\t\t\t\t<span class=\"elementor-counter-number-prefix\"><\/span>\n\t\t\t\t<span class=\"elementor-counter-number\" data-duration=\"2000\" data-to-value=\"1880\" data-from-value=\"0\">0<\/span>\n\t\t\t\t<span class=\"elementor-counter-number-suffix\"><\/span>\n\t\t\t<\/div>\n\t\t<\/div>\n\t\t\t\t\t\t<\/div>\n\t\t\t\t<div class=\"elementor-element elementor-element-a94b8e9 elementor-widget elementor-widget-counter\" data-id=\"a94b8e9\" data-element_type=\"widget\" data-e-type=\"widget\" data-widget_type=\"counter.default\">\n\t\t\t\t\t\t\t<div class=\"elementor-counter\">\n\t\t\t<div class=\"elementor-counter-title\">Uit een ru\u00efne hersteld<\/div>\t\t\t<div class=\"elementor-counter-number-wrapper\">\n\t\t\t\t<span class=\"elementor-counter-number-prefix\"><\/span>\n\t\t\t\t<span class=\"elementor-counter-number\" data-duration=\"2000\" data-to-value=\"1963\" data-from-value=\"0\">0<\/span>\n\t\t\t\t<span class=\"elementor-counter-number-suffix\"><\/span>\n\t\t\t<\/div>\n\t\t<\/div>\n\t\t\t\t\t\t<\/div>\n\t\t\t\t<div class=\"elementor-element elementor-element-3a2237c elementor-widget elementor-widget-counter\" data-id=\"3a2237c\" data-element_type=\"widget\" data-e-type=\"widget\" data-widget_type=\"counter.default\">\n\t\t\t\t\t\t\t<div class=\"elementor-counter\">\n\t\t\t<div class=\"elementor-counter-title\">Er brak een nieuw hoofdstuk aan<\/div>\t\t\t<div class=\"elementor-counter-number-wrapper\">\n\t\t\t\t<span class=\"elementor-counter-number-prefix\"><\/span>\n\t\t\t\t<span class=\"elementor-counter-number\" data-duration=\"2000\" data-to-value=\"2022\" data-from-value=\"0\">0<\/span>\n\t\t\t\t<span class=\"elementor-counter-number-suffix\"><\/span>\n\t\t\t<\/div>\n\t\t<\/div>\n\t\t\t\t\t\t<\/div>\n\t\t\t\t<\/div>\n\t\t<div class=\"elementor-element elementor-element-00e4382 e-con-full e-flex e-con e-child\" data-id=\"00e4382\" data-element_type=\"container\" data-e-type=\"container\">\n\t\t\t\t<div class=\"elementor-element elementor-element-8803274 elementor-widget elementor-widget-host_intro_c08ec9e4\" data-id=\"8803274\" data-element_type=\"widget\" data-e-type=\"widget\" data-widget_type=\"host_intro_c08ec9e4.default\">\n\t\t\t\t<div class=\"elementor-widget-container\">\n\t\t\t\t\t        <div class=\"host-container-c08ec9e4\">\n                            <div class=\"host-avatar-c08ec9e4\">\n                    <img decoding=\"async\" src=\"https:\/\/elbufondelacorte.com\/wp-content\/uploads\/2026\/08\/Frank-en-Saskia-1.jpg\" alt=\"Frank &amp; Saskia\" \/>\n                <\/div>\n                        \n            <div class=\"host-text-c08ec9e4\">\n                                    <div class=\"host-name-c08ec9e4\">Frank &amp; Saskia<\/div>\n                                                    <div class=\"host-role-c08ec9e4\">Uw gastheren en -vrouwen<\/div>\n                            <\/div>\n        <\/div>\n        \t\t\t\t<\/div>\n\t\t\t\t<\/div>\n\t\t\t\t<\/div>\n\t\t\t\t<\/div>\n\t\t<div class=\"elementor-element elementor-element-d9fb3e2 e-con-full e-flex e-con e-child\" data-id=\"d9fb3e2\" data-element_type=\"container\" data-e-type=\"container\">\n\t\t\t\t<div class=\"elementor-element elementor-element-645e451 elementor-widget elementor-widget-image\" data-id=\"645e451\" data-element_type=\"widget\" data-e-type=\"widget\" data-widget_type=\"image.default\">\n\t\t\t\t\t\t\t\t\t\t\t\t\t\t\t<img loading=\"lazy\" decoding=\"async\" width=\"800\" height=\"534\" src=\"https:\/\/elbufondelacorte.com\/wp-content\/uploads\/2026\/08\/05-historische-watermolen-3x2-1-1024x683.jpg\" class=\"attachment-large size-large wp-image-615\" alt=\"\" srcset=\"https:\/\/elbufondelacorte.com\/wp-content\/uploads\/2026\/08\/05-historische-watermolen-3x2-1-1024x683.jpg 1024w, https:\/\/elbufondelacorte.com\/wp-content\/uploads\/2026\/08\/05-historische-watermolen-3x2-1-300x200.jpg 300w, https:\/\/elbufondelacorte.com\/wp-content\/uploads\/2026\/08\/05-historische-watermolen-3x2-1-768x512.jpg 768w, https:\/\/elbufondelacorte.com\/wp-content\/uploads\/2026\/08\/05-historische-watermolen-3x2-1-1536x1024.jpg 1536w, https:\/\/elbufondelacorte.com\/wp-content\/uploads\/2026\/08\/05-historische-watermolen-3x2-1-2048x1365.jpg 2048w, https:\/\/elbufondelacorte.com\/wp-content\/uploads\/2026\/08\/05-historische-watermolen-3x2-1-18x12.jpg 18w\" sizes=\"(max-width: 800px) 100vw, 800px\" \/>\t\t\t\t\t\t\t\t\t\t\t\t\t\t\t<\/div>\n\t\t\t\t<\/div>\n\t\t\t\t\t<\/div>\n\t\t\t\t<\/div>\n\t\t<div class=\"elementor-element elementor-element-698b394 e-con-full e-flex e-con e-parent\" data-id=\"698b394\" data-element_type=\"container\" data-e-type=\"container\">\n\t\t<div class=\"elementor-element elementor-element-e56a077 e-con-full e-flex e-con e-child\" data-id=\"e56a077\" data-element_type=\"container\" data-e-type=\"container\" data-settings=\"{&quot;background_background&quot;:&quot;classic&quot;}\">\n\t\t<div class=\"elementor-element elementor-element-95d9066 e-con-full e-flex e-con e-child\" data-id=\"95d9066\" data-element_type=\"container\" data-e-type=\"container\">\n\t\t\t\t<div class=\"elementor-element elementor-element-bf3a4e7 elementor-widget elementor-widget-image\" data-id=\"bf3a4e7\" data-element_type=\"widget\" data-e-type=\"widget\" data-widget_type=\"image.default\">\n\t\t\t\t\t\t\t\t\t\t\t\t\t\t\t<img loading=\"lazy\" decoding=\"async\" width=\"800\" height=\"238\" src=\"https:\/\/elbufondelacorte.com\/wp-content\/uploads\/2026\/08\/Elbufon-2-1024x305.jpg\" class=\"attachment-large size-large wp-image-567\" alt=\"\" srcset=\"https:\/\/elbufondelacorte.com\/wp-content\/uploads\/2026\/08\/Elbufon-2-1024x305.jpg 1024w, https:\/\/elbufondelacorte.com\/wp-content\/uploads\/2026\/08\/Elbufon-2-300x89.jpg 300w, https:\/\/elbufondelacorte.com\/wp-content\/uploads\/2026\/08\/Elbufon-2-768x229.jpg 768w, https:\/\/elbufondelacorte.com\/wp-content\/uploads\/2026\/08\/Elbufon-2-1536x458.jpg 1536w, https:\/\/elbufondelacorte.com\/wp-content\/uploads\/2026\/08\/Elbufon-2-18x5.jpg 18w, https:\/\/elbufondelacorte.com\/wp-content\/uploads\/2026\/08\/Elbufon-2.jpg 2048w\" sizes=\"(max-width: 800px) 100vw, 800px\" \/>\t\t\t\t\t\t\t\t\t\t\t\t\t\t\t<\/div>\n\t\t\t\t<\/div>\n\t\t<div class=\"elementor-element elementor-element-84f499b e-flex e-con-boxed e-con e-child\" data-id=\"84f499b\" data-element_type=\"container\" data-e-type=\"container\">\n\t\t\t\t\t<div class=\"e-con-inner\">\n\t\t<div class=\"elementor-element elementor-element-a2ee538 e-con-full e-flex e-con e-child\" data-id=\"a2ee538\" data-element_type=\"container\" data-e-type=\"container\">\n\t\t\t\t<div class=\"elementor-element elementor-element-97f1b2f elementor-widget elementor-widget-heading\" data-id=\"97f1b2f\" data-element_type=\"widget\" data-e-type=\"widget\" data-widget_type=\"heading.default\">\n\t\t\t\t\t<h2 class=\"elementor-heading-title elementor-size-default\">Gastvrijheid die persoonlijk aanvoelt<\/h2>\t\t\t\t<\/div>\n\t\t\t\t<div class=\"elementor-element elementor-element-33c2206 elementor-widget elementor-widget-text-editor\" data-id=\"33c2206\" data-element_type=\"widget\" data-e-type=\"widget\" data-widget_type=\"text-editor.default\">\n\t\t\t\t\t\t\t\t\tVoor ons draait gastvrijheid om ervoor zorgen dat mensen zich vanaf het moment dat ze aankomen op hun gemak voelen. Saskia zorgt voor het welkom, het in- en uitchecken en zorgt ervoor dat de kamers klaar zijn voor onze gasten. Frank houdt zich bezig met het pand, het onderhoud en de verbeteringen die ervoor zorgen dat El Buf\u00f3n de la Corte vooruit blijft gaan.\n\nWe delen graag onze kennis van de omgeving, of u nu op zoek bent naar een mooie route, een goed restaurant of gewoon wat praktisch advies. Tegelijkertijd vinden we dat u de vrijheid moet hebben om op uw eigen manier van uw verblijf te genieten. El Buf\u00f3n de la Corte is bewust klein en informeel, met persoonlijk contact en een ontspannen sfeer als uitgangspunt.\t\t\t\t\t\t\t\t<\/div>\n\t\t\t\t<\/div>\n\t\t<div class=\"elementor-element elementor-element-1d2a6e7 e-con-full e-flex e-con e-child\" data-id=\"1d2a6e7\" data-element_type=\"container\" data-e-type=\"container\">\n\t\t<div class=\"elementor-element elementor-element-df131bf e-con-full e-grid e-con e-child\" data-id=\"df131bf\" data-element_type=\"container\" data-e-type=\"container\">\n\t\t<div class=\"elementor-element elementor-element-d930907 e-con-full e-flex e-con e-child\" data-id=\"d930907\" data-element_type=\"container\" data-e-type=\"container\">\n\t\t\t\t<div class=\"elementor-element elementor-element-f334d7b elementor-widget elementor-widget-heading\" data-id=\"f334d7b\" data-element_type=\"widget\" data-e-type=\"widget\" data-widget_type=\"heading.default\">\n\t\t\t\t\t<h3 class=\"elementor-heading-title elementor-size-default\">Persoonlijke aandacht\n<\/h3>\t\t\t\t<\/div>\n\t\t\t\t<div class=\"elementor-element elementor-element-d7306be elementor-widget elementor-widget-text-editor\" data-id=\"d7306be\" data-element_type=\"widget\" data-e-type=\"widget\" data-widget_type=\"text-editor.default\">\n\t\t\t\t\t\t\t\t\tDirect contact met je gastheren en -vrouwen voor en tijdens je verblijf.\t\t\t\t\t\t\t\t<\/div>\n\t\t\t\t<\/div>\n\t\t<div class=\"elementor-element elementor-element-b800b0c e-con-full e-flex e-con e-child\" data-id=\"b800b0c\" data-element_type=\"container\" data-e-type=\"container\">\n\t\t\t\t<div class=\"elementor-element elementor-element-ed7d29a elementor-widget elementor-widget-heading\" data-id=\"ed7d29a\" data-element_type=\"widget\" data-e-type=\"widget\" data-widget_type=\"heading.default\">\n\t\t\t\t\t<h3 class=\"elementor-heading-title elementor-size-default\">Vrijheid om tot rust te komen\n<\/h3>\t\t\t\t<\/div>\n\t\t\t\t<div class=\"elementor-element elementor-element-cc0cd22 elementor-widget elementor-widget-text-editor\" data-id=\"cc0cd22\" data-element_type=\"widget\" data-e-type=\"widget\" data-widget_type=\"text-editor.default\">\n\t\t\t\t\t\t\t\t\tGeniet van het verblijf en ontdek de streek op uw eigen tempo.\t\t\t\t\t\t\t\t<\/div>\n\t\t\t\t<\/div>\n\t\t<div class=\"elementor-element elementor-element-a208b2e e-con-full e-flex e-con e-child\" data-id=\"a208b2e\" data-element_type=\"container\" data-e-type=\"container\">\n\t\t\t\t<div class=\"elementor-element elementor-element-273b59c elementor-widget elementor-widget-heading\" data-id=\"273b59c\" data-element_type=\"widget\" data-e-type=\"widget\" data-widget_type=\"heading.default\">\n\t\t\t\t\t<h3 class=\"elementor-heading-title elementor-size-default\">Oprechte gastvrijheid\n<\/h3>\t\t\t\t<\/div>\n\t\t\t\t<div class=\"elementor-element elementor-element-ef6e467 elementor-widget elementor-widget-text-editor\" data-id=\"ef6e467\" data-element_type=\"widget\" data-e-type=\"widget\" data-widget_type=\"text-editor.default\">\n\t\t\t\t\t\t\t\t\tWarm, ongedwongen en oprecht, zonder onnodige formaliteit.\t\t\t\t\t\t\t\t<\/div>\n\t\t\t\t<\/div>\n\t\t\t\t<\/div>\n\t\t\t\t<\/div>\n\t\t\t\t\t<\/div>\n\t\t\t\t<\/div>\n\t\t\t\t<\/div>\n\t\t\t\t<\/div>\n\t\t<div class=\"elementor-element elementor-element-b618ebb e-flex e-con-boxed e-con e-parent\" data-id=\"b618ebb\" data-element_type=\"container\" data-e-type=\"container\">\n\t\t\t\t\t<div class=\"e-con-inner\">\n\t\t<div class=\"elementor-element elementor-element-6214901 e-con-full e-flex e-con e-child\" data-id=\"6214901\" data-element_type=\"container\" data-e-type=\"container\">\n\t\t\t\t<div class=\"elementor-element elementor-element-5dc66f5 elementor-widget elementor-widget-image\" data-id=\"5dc66f5\" data-element_type=\"widget\" data-e-type=\"widget\" data-widget_type=\"image.default\">\n\t\t\t\t\t\t\t\t\t\t\t\t\t\t\t<img loading=\"lazy\" decoding=\"async\" width=\"800\" height=\"1001\" src=\"https:\/\/elbufondelacorte.com\/wp-content\/uploads\/2026\/09\/El-bufon-paella-818x1024.png\" class=\"attachment-large size-large wp-image-953\" alt=\"\" srcset=\"https:\/\/elbufondelacorte.com\/wp-content\/uploads\/2026\/09\/El-bufon-paella-818x1024.png 818w, https:\/\/elbufondelacorte.com\/wp-content\/uploads\/2026\/09\/El-bufon-paella-240x300.png 240w, https:\/\/elbufondelacorte.com\/wp-content\/uploads\/2026\/09\/El-bufon-paella-768x961.png 768w, https:\/\/elbufondelacorte.com\/wp-content\/uploads\/2026\/09\/El-bufon-paella-10x12.png 10w, https:\/\/elbufondelacorte.com\/wp-content\/uploads\/2026\/09\/El-bufon-paella.png 1023w\" sizes=\"(max-width: 800px) 100vw, 800px\" \/>\t\t\t\t\t\t\t\t\t\t\t\t\t\t\t<\/div>\n\t\t\t\t<\/div>\n\t\t<div class=\"elementor-element elementor-element-b817e5e e-con-full e-flex e-con e-child\" data-id=\"b817e5e\" data-element_type=\"container\" data-e-type=\"container\">\n\t\t<div class=\"elementor-element elementor-element-961179d e-con-full e-flex e-con e-child\" data-id=\"961179d\" data-element_type=\"container\" data-e-type=\"container\">\n\t\t\t\t<div class=\"elementor-element elementor-element-d3fd052 elementor-widget elementor-widget-heading\" data-id=\"d3fd052\" data-element_type=\"widget\" data-e-type=\"widget\" data-widget_type=\"heading.default\">\n\t\t\t\t\t<h2 class=\"elementor-heading-title elementor-size-default\">Een naam die een band met thuis heeft<\/h2>\t\t\t\t<\/div>\n\t\t\t\t<div class=\"elementor-element elementor-element-256db8b elementor-widget elementor-widget-text-editor\" data-id=\"256db8b\" data-element_type=\"widget\" data-e-type=\"widget\" data-widget_type=\"text-editor.default\">\n\t\t\t\t\t\t\t\t\tDe naam El Buf\u00f3n de la Corte draagt een stukje van onze Nederlandse roots in zich. We zijn allebei opgegroeid in Valkenswaard, waar ooit de bekende sigarenfabriek Hofnar gevestigd was. Toen we op zoek waren naar een naam voor onze nieuwe plek in Spanje, wilden we die band levend houden. Hofnar werd in het Spaans El Buf\u00f3n de la Corte, en zelfs de namen van onze kamers sluiten aan bij dit verhaal: ze zijn stuk voor stuk ge\u00efnspireerd op de naam van een sigaar.\t\t\t\t\t\t\t\t<\/div>\n\t\t\t\t<\/div>\n\t\t\t\t<\/div>\n\t\t\t\t\t<\/div>\n\t\t\t\t<\/div>\n\t\t<div class=\"elementor-element elementor-element-e291643 e-flex e-con-boxed e-con e-parent\" data-id=\"e291643\" data-element_type=\"container\" data-e-type=\"container\">\n\t\t\t\t\t<div class=\"e-con-inner\">\n\t\t<div class=\"elementor-element elementor-element-9bdab1a e-con-full e-flex e-con e-child\" data-id=\"9bdab1a\" data-element_type=\"container\" data-e-type=\"container\">\n\t\t<div class=\"elementor-element elementor-element-d393618 e-con-full e-flex e-con e-child\" data-id=\"d393618\" data-element_type=\"container\" data-e-type=\"container\">\n\t\t\t\t<div class=\"elementor-element elementor-element-85b2afc elementor-widget elementor-widget-heading\" data-id=\"85b2afc\" data-element_type=\"widget\" data-e-type=\"widget\" data-widget_type=\"heading.default\">\n\t\t\t\t\t<h2 class=\"elementor-heading-title elementor-size-default\">Van reservering tot aankomst<\/h2>\t\t\t\t<\/div>\n\t\t\t\t<div class=\"elementor-element elementor-element-ef9d275 elementor-widget elementor-widget-text-editor\" data-id=\"ef9d275\" data-element_type=\"widget\" data-e-type=\"widget\" data-widget_type=\"text-editor.default\">\n\t\t\t\t\t\t\t\t\tKies de kamer en de reisdata die bij uw plannen passen en verstuur uw reserveringsaanvraag rechtstreeks via onze website. Frank en Saskia zullen de details persoonlijk bevestigen en u de praktische informatie verstrekken die u nodig hebt voordat u naar Carratraca reist. Als u vragen of speciale verzoeken hebt, kunt u deze rechtstreeks bespreken voordat u uw verblijf bevestigt.\t\t\t\t\t\t\t\t<\/div>\n\t\t\t\t<\/div>\n\t\t<div class=\"elementor-element elementor-element-46d9fe6 e-con-full e-flex e-con e-child\" data-id=\"46d9fe6\" data-element_type=\"container\" data-e-type=\"container\">\n\t\t\t\t<div class=\"elementor-element elementor-element-45f2a4a elementor-widget elementor-widget-button\" data-id=\"45f2a4a\" data-element_type=\"widget\" data-e-type=\"widget\" data-widget_type=\"button.default\">\n\t\t\t\t\t\t\t\t\t\t<a class=\"elementor-button elementor-button-link elementor-size-sm\" href=\"\/nl\/rooms\/\">\n\t\t\t\t\t\t<span class=\"elementor-button-content-wrapper\">\n\t\t\t\t\t\t\t\t\t<span class=\"elementor-button-text\">Bekijk onze kamers<\/span>\n\t\t\t\t\t<\/span>\n\t\t\t\t\t<\/a>\n\t\t\t\t\t\t\t\t<\/div>\n\t\t\t\t<\/div>\n\t\t\t\t<\/div>\n\t\t<div class=\"elementor-element elementor-element-33f595a e-con-full e-flex e-con e-child\" data-id=\"33f595a\" data-element_type=\"container\" data-e-type=\"container\">\n\t\t\t\t<div class=\"elementor-element elementor-element-068d1d7 elementor-widget elementor-widget-image\" data-id=\"068d1d7\" data-element_type=\"widget\" data-e-type=\"widget\" data-widget_type=\"image.default\">\n\t\t\t\t\t\t\t\t\t\t\t\t\t\t\t<img loading=\"lazy\" decoding=\"async\" width=\"800\" height=\"534\" src=\"https:\/\/elbufondelacorte.com\/wp-content\/uploads\/2026\/08\/senorita-09-kamer-vanaf-de-entree-3x2-1-1024x683.jpg\" class=\"attachment-large size-large wp-image-531\" alt=\"De kamer gezien vanuit de ingang in Se\u00f1orita\" srcset=\"https:\/\/elbufondelacorte.com\/wp-content\/uploads\/2026\/08\/senorita-09-kamer-vanaf-de-entree-3x2-1-1024x683.jpg 1024w, https:\/\/elbufondelacorte.com\/wp-content\/uploads\/2026\/08\/senorita-09-kamer-vanaf-de-entree-3x2-1-300x200.jpg 300w, https:\/\/elbufondelacorte.com\/wp-content\/uploads\/2026\/08\/senorita-09-kamer-vanaf-de-entree-3x2-1-768x512.jpg 768w, https:\/\/elbufondelacorte.com\/wp-content\/uploads\/2026\/08\/senorita-09-kamer-vanaf-de-entree-3x2-1-1536x1024.jpg 1536w, https:\/\/elbufondelacorte.com\/wp-content\/uploads\/2026\/08\/senorita-09-kamer-vanaf-de-entree-3x2-1-2048x1365.jpg 2048w, https:\/\/elbufondelacorte.com\/wp-content\/uploads\/2026\/08\/senorita-09-kamer-vanaf-de-entree-3x2-1-18x12.jpg 18w\" sizes=\"(max-width: 800px) 100vw, 800px\" \/>\t\t\t\t\t\t\t\t\t\t\t\t\t\t\t<\/div>\n\t\t\t\t<\/div>\n\t\t\t\t\t<\/div>\n\t\t\t\t<\/div>\n\t\t<div class=\"elementor-element elementor-element-ec9741b e-flex e-con-boxed e-con e-parent\" data-id=\"ec9741b\" data-element_type=\"container\" data-e-type=\"container\" data-settings=\"{&quot;background_background&quot;:&quot;classic&quot;}\">\n\t\t\t\t\t<div class=\"e-con-inner\">\n\t\t<div class=\"elementor-element elementor-element-ecb3cdb e-con-full e-flex e-con e-child\" data-id=\"ecb3cdb\" data-element_type=\"container\" data-e-type=\"container\">\n\t\t\t\t<div class=\"elementor-element elementor-element-dc8ea62 elementor-widget elementor-widget-heading\" data-id=\"dc8ea62\" data-element_type=\"widget\" data-e-type=\"widget\" data-widget_type=\"heading.default\">\n\t\t\t\t\t<h2 class=\"elementor-heading-title elementor-size-default\">Vriendelijke woorden van onze gasten<\/h2>\t\t\t\t<\/div>\n\t\t\t\t<\/div>\n\t\t<div class=\"elementor-element elementor-element-d027371 e-con-full e-flex e-con e-child\" data-id=\"d027371\" data-element_type=\"container\" data-e-type=\"container\">\n\t\t\t\t<div class=\"elementor-element elementor-element-00a4e73 elementor-widget elementor-widget-shortcode\" data-id=\"00a4e73\" data-element_type=\"widget\" data-e-type=\"widget\" data-widget_type=\"shortcode.default\">\n\t\t\t\t\t\t\t<div class=\"elementor-shortcode\"><div class=\"el-bufon-reviews-carousel el-bufon-carousel\" data-el-bufon-carousel><div class=\"el-bufon-carousel-frame\"><div id=\"el-bufon-reviews-1\" class=\"el-bufon-carousel-track el-bufon-reviews-carousel__track\" tabindex=\"0\" aria-label=\"Guest reviews\"><article class=\"el-bufon-reviews-carousel__card\"><img decoding=\"async\" class=\"el-bufon-reviews-carousel__quote-icon\" src=\"https:\/\/elbufondelacorte.com\/wp-content\/uploads\/2026\/08\/Quote-icon.svg\" height=\"16\" alt=\"\" aria-hidden=\"true\"><blockquote class=\"el-bufon-reviews-carousel__quote\"><p>Saskia en Frank verdienen een tien op tien! We zijn helemaal uitgerust weer thuisgekomen. Ze hebben iets heel bijzonders neergezet, en we hebben van alles genoten: van het ontbijt tot de gezellige gesprekken \u2019s avonds. We hebben prachtige dagtochten gemaakt, waaronder de Caminito del Rey, een fietstocht in M\u00e1laga, de arena in Ronda en ontspannen ritjes rond de stuwmeren. We komen zeker nog eens terug!<\/p><\/blockquote><footer class=\"el-bufon-reviews-carousel__footer\"><div><cite class=\"el-bufon-reviews-carousel__guest\">Piet &amp; Mieke<\/cite><time class=\"el-bufon-reviews-carousel__date\" datetime=\"2025-02\">februari 2025<\/time><\/div><img decoding=\"async\" class=\"el-bufon-reviews-carousel__platform-icon\" src=\"https:\/\/elbufondelacorte.com\/wp-content\/uploads\/2026\/08\/Buffon.svg\" height=\"20\" alt=\"Rechtstreeks boeken\" loading=\"lazy\"><\/footer><\/article><article class=\"el-bufon-reviews-carousel__card\"><img decoding=\"async\" class=\"el-bufon-reviews-carousel__quote-icon\" src=\"https:\/\/elbufondelacorte.com\/wp-content\/uploads\/2026\/08\/Quote-icon.svg\" height=\"16\" alt=\"\" aria-hidden=\"true\"><blockquote class=\"el-bufon-reviews-carousel__quote\"><p>We verbleven van 16 tot en met 19 april in de B&amp;B van Saskia en Frank. Het is een prachtige, rustige plek met comfortabele kamers, ruime douches, uitstekende bedden en een uitgebreid ontbijt. Het verse sinaasappelsap wordt gemaakt met fruit uit hun eigen boomgaard. De B&amp;B is een ideale uitvalsbasis voor M\u00e1laga, de Caminito del Rey, Ronda en nabijgelegen Spaanse dorpjes met goede restaurants. Blijf niet slechts \u00e9\u00e9n nacht: neem de tijd om de omgeving te verkennen. We hebben enorm genoten van ons verblijf. Saskia en Frank, ga zo door!<\/p><\/blockquote><footer class=\"el-bufon-reviews-carousel__footer\"><div><cite class=\"el-bufon-reviews-carousel__guest\">Karin &amp; Ruud<\/cite><time class=\"el-bufon-reviews-carousel__date\" datetime=\"2025-04\">april 2025<\/time><\/div><img decoding=\"async\" class=\"el-bufon-reviews-carousel__platform-icon\" src=\"https:\/\/elbufondelacorte.com\/wp-content\/uploads\/2026\/08\/Buffon.svg\" height=\"20\" alt=\"Rechtstreeks boeken\" loading=\"lazy\"><\/footer><\/article><article class=\"el-bufon-reviews-carousel__card\"><img decoding=\"async\" class=\"el-bufon-reviews-carousel__quote-icon\" src=\"https:\/\/elbufondelacorte.com\/wp-content\/uploads\/2026\/08\/Quote-icon.svg\" height=\"16\" alt=\"\" aria-hidden=\"true\"><blockquote class=\"el-bufon-reviews-carousel__quote\"><p>Wij waren de eerste groep uit Brabant die een enduro-verblijf bij Saskia en Frank mocht beleven. We hebben een fantastische tijd gehad, met uitstekende verzorging, heerlijke en gevarieerde maaltijden, een barbecue en veel gezelligheid. Twee lokale gidsen, een vader en zoon, zorgden voor authentiek enduro-rijden, van uitdagende routes tot extreme beklimmingen en afdalingen. We bevelen dit prachtige, ruige gebied van harte aan bij andere enduro-rijders die op zoek zijn naar een spannende uitdaging. Hartelijk dank aan Saskia en Frank namens de hele groep!<\/p><\/blockquote><footer class=\"el-bufon-reviews-carousel__footer\"><div><cite class=\"el-bufon-reviews-carousel__guest\">Pedro, Ben, Ren\u00e9, Pieter en Michel<\/cite><time class=\"el-bufon-reviews-carousel__date\" datetime=\"2025-09\">september 2025<\/time><\/div><img decoding=\"async\" class=\"el-bufon-reviews-carousel__platform-icon\" src=\"https:\/\/elbufondelacorte.com\/wp-content\/uploads\/2026\/08\/Buffon.svg\" height=\"20\" alt=\"Rechtstreeks boeken\" loading=\"lazy\"><\/footer><\/article><article class=\"el-bufon-reviews-carousel__card\"><img decoding=\"async\" class=\"el-bufon-reviews-carousel__quote-icon\" src=\"https:\/\/elbufondelacorte.com\/wp-content\/uploads\/2026\/08\/Quote-icon.svg\" height=\"16\" alt=\"\" aria-hidden=\"true\"><blockquote class=\"el-bufon-reviews-carousel__quote\"><p>We hebben hier heerlijk overnacht en genoten van een fantastisch ontbijt. De kamer was prachtig en het bed lag ontzettend lekker. We verbleven hier na onze wandeling over de Caminito del Rey, en ik kan me geen betere plek voorstellen om daarna tot rust te komen. Het is echt een heerlijke plek en zeker de moeite waard om te boeken!<\/p><\/blockquote><footer class=\"el-bufon-reviews-carousel__footer\"><div><cite class=\"el-bufon-reviews-carousel__guest\">Erwin &amp; Marri\u00ebtte<\/cite><time class=\"el-bufon-reviews-carousel__date\" datetime=\"2026-04\">april 2026<\/time><\/div><img decoding=\"async\" class=\"el-bufon-reviews-carousel__platform-icon\" src=\"https:\/\/elbufondelacorte.com\/wp-content\/uploads\/2026\/08\/Buffon.svg\" height=\"20\" alt=\"Rechtstreeks boeken\" loading=\"lazy\"><\/footer><\/article><article class=\"el-bufon-reviews-carousel__card\"><img decoding=\"async\" class=\"el-bufon-reviews-carousel__quote-icon\" src=\"https:\/\/elbufondelacorte.com\/wp-content\/uploads\/2026\/08\/Quote-icon.svg\" height=\"16\" alt=\"\" aria-hidden=\"true\"><blockquote class=\"el-bufon-reviews-carousel__quote\"><p>Als je op zoek bent naar een prachtige B&amp;B met buitengewoon gastvrije gastheren, dan is dit de plek waar je moet zijn. We verbleven hier van 1 tot en met 7 mei en hebben een onvergetelijke tijd gehad. De omgeving is prachtig voor motorritten, vooral als je van bochtige wegen houdt. Alles is bespreekbaar, en Saskia heeft zelfs mijn was gedaan. Saskia en Frank, bedankt dat jullie zo goed voor ons hebben gezorgd. We hopen ooit nog eens terug te komen!<\/p><\/blockquote><footer class=\"el-bufon-reviews-carousel__footer\"><div><cite class=\"el-bufon-reviews-carousel__guest\">Jan, Jeroen en Ren\u00e9<\/cite><time class=\"el-bufon-reviews-carousel__date\" datetime=\"2026-05\">mei 2026<\/time><\/div><img decoding=\"async\" class=\"el-bufon-reviews-carousel__platform-icon\" src=\"https:\/\/elbufondelacorte.com\/wp-content\/uploads\/2026\/08\/Buffon.svg\" height=\"20\" alt=\"Rechtstreeks boeken\" loading=\"lazy\"><\/footer><\/article><article class=\"el-bufon-reviews-carousel__card\"><img decoding=\"async\" class=\"el-bufon-reviews-carousel__quote-icon\" src=\"https:\/\/elbufondelacorte.com\/wp-content\/uploads\/2026\/08\/Quote-icon.svg\" height=\"16\" alt=\"\" aria-hidden=\"true\"><blockquote class=\"el-bufon-reviews-carousel__quote\"><p>We hebben enorm genoten van ons verblijf bij Saskia en Frank in B&amp;B El Buf\u00f3n de la Corte. Vanaf het moment dat we aankwamen, voelden we ons dankzij hun warme gastvrijheid en persoonlijke aandacht meteen welkom. De kamers zijn comfortabel, brandschoon en met zorg ingericht, en elke ochtend begon met een heerlijk vers ontbijt. De rustige ligging is ideaal om de Caminito del Rey, Ronda, het prachtige landschap en authentieke Andalusische dorpjes te verkennen. Saskia en Frank geven graag lokale tips en doen er alles aan om je verblijf zo aangenaam mogelijk te maken. Een echte aanrader voor iedereen die Andalusi\u00eb wil ontdekken vanuit een sfeervolle en gastvrije B&amp;B. We komen graag nog eens terug!<\/p><\/blockquote><footer class=\"el-bufon-reviews-carousel__footer\"><div><cite class=\"el-bufon-reviews-carousel__guest\">Didier &amp; Nikki<\/cite><time class=\"el-bufon-reviews-carousel__date\" datetime=\"2026-08\">augustus 2026<\/time><\/div><img decoding=\"async\" class=\"el-bufon-reviews-carousel__platform-icon\" src=\"https:\/\/elbufondelacorte.com\/wp-content\/uploads\/2026\/08\/Buffon.svg\" height=\"20\" alt=\"Rechtstreeks boeken\" loading=\"lazy\"><\/footer><\/article><\/div><\/div><div class=\"el-bufon-carousel-nav\" role=\"group\" aria-label=\"Carousel navigation\"><button class=\"el-bufon-carousel-button el-bufon-carousel-button--previous\" type=\"button\" data-carousel-previous aria-label=\"Previous items\" aria-controls=\"el-bufon-reviews-1\" disabled aria-disabled=\"true\"><svg class=\"el-bufon-carousel-button__icon\" viewbox=\"0 0 24 24\" aria-hidden=\"true\" focusable=\"false\"><path d=\"M19 12H5M11 6l-6 6 6 6\" \/><\/svg><\/button><button class=\"el-bufon-carousel-button el-bufon-carousel-button--next\" type=\"button\" data-carousel-next aria-label=\"Next items\" aria-controls=\"el-bufon-reviews-1\"><svg class=\"el-bufon-carousel-button__icon\" viewbox=\"0 0 24 24\" aria-hidden=\"true\" focusable=\"false\"><path d=\"M5 12h14M13 6l6 6-6 6\" \/><\/svg><\/button><\/div><\/div><\/div>\n\t\t\t\t\t\t<\/div>\n\t\t\t\t<\/div>\n\t\t\t\t\t<\/div>\n\t\t\t\t<\/div>\n\t\t\t\t<\/div>","protected":false},"excerpt":{"rendered":"<p>A historic place, shared with heart Meet Frank and Saskia and discover how a new chapter in their lives led them from the Netherlands to a historic watermill in the mountains of M\u00e1laga. Discouver our rooms From the Netherlands to Andalusia We are Frank and Saskia, both born and raised in Valkenswaard in the Netherlands. [&hellip;]<\/p>\n","protected":false},"author":1,"featured_media":0,"parent":0,"menu_order":0,"comment_status":"closed","ping_status":"closed","template":"","meta":{"footnotes":""},"class_list":["post-195","page","type-page","status-publish","hentry"],"_links":{"self":[{"href":"https:\/\/elbufondelacorte.com\/nl\/wp-json\/wp\/v2\/pages\/195","targetHints":{"allow":["GET"]}}],"collection":[{"href":"https:\/\/elbufondelacorte.com\/nl\/wp-json\/wp\/v2\/pages"}],"about":[{"href":"https:\/\/elbufondelacorte.com\/nl\/wp-json\/wp\/v2\/types\/page"}],"author":[{"embeddable":true,"href":"https:\/\/elbufondelacorte.com\/nl\/wp-json\/wp\/v2\/users\/1"}],"replies":[{"embeddable":true,"href":"https:\/\/elbufondelacorte.com\/nl\/wp-json\/wp\/v2\/comments?post=195"}],"version-history":[{"count":76,"href":"https:\/\/elbufondelacorte.com\/nl\/wp-json\/wp\/v2\/pages\/195\/revisions"}],"predecessor-version":[{"id":965,"href":"https:\/\/elbufondelacorte.com\/nl\/wp-json\/wp\/v2\/pages\/195\/revisions\/965"}],"wp:attachment":[{"href":"https:\/\/elbufondelacorte.com\/nl\/wp-json\/wp\/v2\/media?parent=195"}],"curies":[{"name":"wp","href":"https:\/\/api.w.org\/{rel}","templated":true}]}}