{"id":10,"date":"2026-08-08T14:19:23","date_gmt":"2026-08-08T14:19:23","guid":{"rendered":"https:\/\/elbufondelacorte.com\/?page_id=10"},"modified":"2026-09-04T08:25:42","modified_gmt":"2026-09-04T08:25:42","slug":"homepage","status":"publish","type":"page","link":"https:\/\/elbufondelacorte.com\/nl\/","title":{"rendered":"Startpagina"},"content":{"rendered":"<div data-elementor-type=\"wp-page\" data-elementor-id=\"10\" class=\"elementor elementor-10\" data-elementor-post-type=\"page\">\n\t\t\t\t<div class=\"elementor-element elementor-element-51ce08f8 e-con-full e-flex e-con e-parent\" data-id=\"51ce08f8\" data-element_type=\"container\" data-e-type=\"container\" data-settings=\"{&quot;background_background&quot;:&quot;video&quot;,&quot;background_video_link&quot;:&quot;https:\\\/\\\/elbufondelacorte.com\\\/wp-content\\\/uploads\\\/2026\\\/09\\\/4-sep-2026-1788510247_6035290.mov&quot;}\">\n\t\t<div class=\"elementor-background-video-container elementor-hidden-mobile\">\n\t\t\t\t\t\t\t<video class=\"elementor-background-video-hosted\" role=\"presentation\" autoplay muted playsinline loop><\/video>\n\t\t\t\t\t<\/div><div class=\"elementor-element elementor-element-2cf9d45c e-con-full e-flex e-con e-child\" data-id=\"2cf9d45c\" data-element_type=\"container\" data-e-type=\"container\">\n\t\t<div class=\"elementor-element elementor-element-d209e2c e-con-full e-flex e-con e-child\" data-id=\"d209e2c\" data-element_type=\"container\" data-e-type=\"container\">\n\t\t<div class=\"elementor-element elementor-element-4b9b6d7c e-con-full e-flex e-con e-child\" data-id=\"4b9b6d7c\" data-element_type=\"container\" data-e-type=\"container\">\n\t\t\t\t<div class=\"elementor-element elementor-element-f93338a elementor-widget elementor-widget-heading\" data-id=\"f93338a\" data-element_type=\"widget\" data-e-type=\"widget\" data-widget_type=\"heading.default\">\n\t\t\t\t\t<h1 class=\"elementor-heading-title elementor-size-default\">Slaap in een stukje geschiedenis<\/h1>\t\t\t\t<\/div>\n\t\t\t\t<\/div>\n\t\t\t\t<div class=\"elementor-element elementor-element-823112d elementor-widget elementor-widget-text-editor\" data-id=\"823112d\" data-element_type=\"widget\" data-e-type=\"widget\" data-widget_type=\"text-editor.default\">\n\t\t\t\t\t\t\t\t\t<p>Verblijf in een authentieke watermolen uit 1880 in de buurt van Carratraca, midden in de natuur en op een ideale locatie om M\u00e1laga, de Caminito del Rey en de bergen van Andalusi\u00eb te ontdekken.<\/p>\t\t\t\t\t\t\t\t<\/div>\n\t\t\t\t<\/div>\n\t\t<div class=\"elementor-element elementor-element-2f0a632c e-con-full e-flex e-con e-child\" data-id=\"2f0a632c\" data-element_type=\"container\" data-e-type=\"container\">\n\t\t<div class=\"elementor-element elementor-element-612f2b7d e-con-full e-flex e-con e-child\" data-id=\"612f2b7d\" data-element_type=\"container\" data-e-type=\"container\">\n\t\t\t\t<div class=\"elementor-element elementor-element-8e41656 elementor-widget elementor-widget-global elementor-global-88 elementor-widget-button\" data-id=\"8e41656\" data-element_type=\"widget\" data-e-type=\"widget\" data-widget_type=\"button.default\">\n\t\t\t\t\t\t\t\t\t\t<a class=\"elementor-button elementor-button-link elementor-size-sm\" href=\"\/nl\/rooms\/\">\n\t\t\t\t\t\t<span class=\"elementor-button-content-wrapper\">\n\t\t\t\t\t\t\t\t\t<span class=\"elementor-button-text\">Bekijk alle kamers<\/span>\n\t\t\t\t\t<\/span>\n\t\t\t\t\t<\/a>\n\t\t\t\t\t\t\t\t<\/div>\n\t\t\t\t<div class=\"elementor-element elementor-element-e5e7598 elementor-widget elementor-widget-button\" data-id=\"e5e7598\" data-element_type=\"widget\" data-e-type=\"widget\" data-widget_type=\"button.default\">\n\t\t\t\t\t\t\t\t\t\t<a class=\"elementor-button elementor-button-link elementor-size-sm\" href=\"\/nl\/packages\/\">\n\t\t\t\t\t\t<span class=\"elementor-button-content-wrapper\">\n\t\t\t\t\t\t\t\t\t<span class=\"elementor-button-text\">Pakketten<\/span>\n\t\t\t\t\t<\/span>\n\t\t\t\t\t<\/a>\n\t\t\t\t\t\t\t\t<\/div>\n\t\t\t\t<\/div>\n\t\t\t\t<div class=\"elementor-element elementor-element-fd671cd elementor-widget elementor-widget-text-editor\" data-id=\"fd671cd\" data-element_type=\"widget\" data-e-type=\"widget\" data-widget_type=\"text-editor.default\">\n\t\t\t\t\t\t\t\t\tVanaf \u20ac<span class=\"client-setting client-setting--starting-price\">89.50<\/span> per nacht\t\t\t\t\t\t\t\t<\/div>\n\t\t\t\t<\/div>\n\t\t\t\t<\/div>\n\t\t\t\t<\/div>\n\t\t<div class=\"elementor-element elementor-element-f532f05 e-flex e-con-boxed e-con e-parent\" data-id=\"f532f05\" data-element_type=\"container\" data-e-type=\"container\" data-settings=\"{&quot;background_background&quot;:&quot;classic&quot;}\">\n\t\t\t\t\t<div class=\"e-con-inner\">\n\t\t<div class=\"elementor-element elementor-element-4354a1d e-con-full e-flex e-con e-child\" data-id=\"4354a1d\" data-element_type=\"container\" data-e-type=\"container\">\n\t\t\t\t<div class=\"elementor-element elementor-element-06a1f26 elementor-widget elementor-widget-heading\" data-id=\"06a1f26\" data-element_type=\"widget\" data-e-type=\"widget\" data-widget_type=\"heading.default\">\n\t\t\t\t\t<h2 class=\"elementor-heading-title elementor-size-default\">Vind je kamer bij El Buf\u00f3n de la Corte<\/h2>\t\t\t\t<\/div>\n\t\t\t\t<div class=\"elementor-element elementor-element-5c0ae9e elementor-widget elementor-widget-text-editor\" data-id=\"5c0ae9e\" data-element_type=\"widget\" data-e-type=\"widget\" data-widget_type=\"text-editor.default\">\n\t\t\t\t\t\t\t\t\tKies uit zes comfortabele kamers in onze historische watermolen en maak van Carratraca uw uitvalsbasis om Andalusi\u00eb te verkennen.\t\t\t\t\t\t\t\t<\/div>\n\t\t\t\t<\/div>\n\t\t\t\t<div class=\"elementor-element elementor-element-6b1a282 elementor-widget elementor-widget-global elementor-global-91 elementor-widget-button\" data-id=\"6b1a282\" data-element_type=\"widget\" data-e-type=\"widget\" data-widget_type=\"button.default\">\n\t\t\t\t\t\t\t\t\t\t<a class=\"elementor-button elementor-button-link elementor-size-sm\" href=\"\/nl\/rooms\/\">\n\t\t\t\t\t\t<span class=\"elementor-button-content-wrapper\">\n\t\t\t\t\t\t\t\t\t<span class=\"elementor-button-text\">Bekijk alle kamers<\/span>\n\t\t\t\t\t<\/span>\n\t\t\t\t\t<\/a>\n\t\t\t\t\t\t\t\t<\/div>\n\t\t\t\t\t<\/div>\n\t\t\t\t<\/div>\n\t\t<div class=\"elementor-element elementor-element-56afd21 e-flex e-con-boxed e-con e-parent\" data-id=\"56afd21\" data-element_type=\"container\" data-e-type=\"container\">\n\t\t\t\t\t<div class=\"e-con-inner\">\n\t\t<div class=\"elementor-element elementor-element-3a91cfc e-con-full e-flex e-con e-child\" data-id=\"3a91cfc\" data-element_type=\"container\" data-e-type=\"container\">\n\t\t\t\t<div class=\"elementor-element elementor-element-7a0fc97 elementor-widget elementor-widget-heading\" data-id=\"7a0fc97\" data-element_type=\"widget\" data-e-type=\"widget\" data-widget_type=\"heading.default\">\n\t\t\t\t\t<h2 class=\"elementor-heading-title elementor-size-default\">Ontdek nog meer van Andalusi\u00eb<\/h2>\t\t\t\t<\/div>\n\t\t\t\t<\/div>\n\t\t<div class=\"elementor-element elementor-element-a3da083 e-con-full e-flex e-con e-child\" data-id=\"a3da083\" data-element_type=\"container\" data-e-type=\"container\">\n\t\t\t\t<div class=\"elementor-element elementor-element-688e021 elementor-widget elementor-widget-shortcode\" data-id=\"688e021\" data-element_type=\"widget\" data-e-type=\"widget\" data-widget_type=\"shortcode.default\">\n\t\t\t\t\t\t\t<div class=\"elementor-shortcode\"><div class=\"el-bufon-packages-carousel el-bufon-carousel\" data-el-bufon-carousel><div class=\"el-bufon-carousel-frame\"><div id=\"el-bufon-packages-1\" class=\"el-bufon-carousel-track el-bufon-packages-carousel__track\" tabindex=\"0\" aria-label=\"Pakketten\"><article class=\"el-bufon-packages-carousel__item\"><a class=\"el-bufon-package-card\" href=\"https:\/\/elbufondelacorte.com\/nl\/packages\/motoropstelling\/\" aria-labelledby=\"el-bufon-package-title-124\"><div class=\"el-bufon-package-card__media\"><img loading=\"lazy\" decoding=\"async\" width=\"800\" height=\"534\" src=\"https:\/\/elbufondelacorte.com\/wp-content\/uploads\/2026\/08\/01-motorrijden-in-andalusie-3x2-1-1024x683.jpg\" class=\"el-bufon-package-card__image wp-post-image\" alt=\"Motorfietsarrangement\" \/><\/div><div class=\"el-bufon-package-card__content\"><h3 id=\"el-bufon-package-title-124\" class=\"el-bufon-package-card__title\">Motorfietsarrangement<\/h3><p class=\"el-bufon-package-card__description\">Verken de kronkelende wegen van Andalusi\u00eb op je eigen motorfiets; het vervoer, de routes en een gezellige uitvalsbasis in Carratraca worden voor je geregeld.<\/p><ul class=\"el-bufon-package-card__usps\"><li class=\"el-bufon-package-card__usp\">Uw eigen motorfiets wordt vervoerd<\/li><li class=\"el-bufon-package-card__usp\">Zes overnachtingen inclusief ontbijt<\/li><\/ul><span class=\"el-bufon-package-card__button\" aria-hidden=\"true\">View package<\/span><\/div><\/a><\/article><article class=\"el-bufon-packages-carousel__item\"><a class=\"el-bufon-package-card\" href=\"https:\/\/elbufondelacorte.com\/nl\/packages\/enduro-arrangement\/\" aria-labelledby=\"el-bufon-package-title-127\"><div class=\"el-bufon-package-card__media\"><img loading=\"lazy\" decoding=\"async\" width=\"800\" height=\"534\" src=\"https:\/\/elbufondelacorte.com\/wp-content\/uploads\/2026\/08\/03-enduro-in-andalusie-3x2-1-1024x683.jpg\" class=\"el-bufon-package-card__image wp-post-image\" alt=\"Enduro-pakket\" \/><\/div><div class=\"el-bufon-package-card__content\"><h3 id=\"el-bufon-package-title-127\" class=\"el-bufon-package-card__title\">Enduro-pakket<\/h3><p class=\"el-bufon-package-card__description\">Maak vijf dagen lang tochten over de ruige paden in het binnenland van M\u00e1laga, aangevuld met een comfortabel verblijf van zeven nachten in Carratraca.<\/p><ul class=\"el-bufon-package-card__usps\"><li class=\"el-bufon-package-card__usp\">Vijf dagen enduro rijden<\/li><li class=\"el-bufon-package-card__usp\">Groepen van maximaal twaalf personen<\/li><\/ul><span class=\"el-bufon-package-card__button\" aria-hidden=\"true\">View package<\/span><\/div><\/a><\/article><article class=\"el-bufon-packages-carousel__item\"><a class=\"el-bufon-package-card\" href=\"https:\/\/elbufondelacorte.com\/nl\/packages\/padel-arrangement\/\" aria-labelledby=\"el-bufon-package-title-128\"><div class=\"el-bufon-package-card__media\"><img loading=\"lazy\" decoding=\"async\" width=\"800\" height=\"534\" src=\"https:\/\/elbufondelacorte.com\/wp-content\/uploads\/2026\/08\/02-padel-in-de-bergen-3x2-1-1024x683.jpg\" class=\"el-bufon-package-card__image wp-post-image\" alt=\"Padel-arrangement\" \/><\/div><div class=\"el-bufon-package-card__content\"><h3 id=\"el-bufon-package-title-128\" class=\"el-bufon-package-card__title\">Padel-arrangement<\/h3><p class=\"el-bufon-package-card__description\">Geniet van vier dagen padel in de zon, lekker eten en zes ontspannen overnachtingen in het Andalusische dorpje Carratraca.<\/p><ul class=\"el-bufon-package-card__usps\"><li class=\"el-bufon-package-card__usp\">Vier dagen padel<\/li><li class=\"el-bufon-package-card__usp\">Zes overnachtingen en dagelijkse maaltijden<\/li><\/ul><span class=\"el-bufon-package-card__button\" aria-hidden=\"true\">View package<\/span><\/div><\/a><\/article><\/div><\/div><div class=\"el-bufon-carousel-nav\" role=\"group\" aria-label=\"Carousel navigation\"><button class=\"el-bufon-carousel-button el-bufon-carousel-button--previous\" type=\"button\" data-carousel-previous aria-label=\"Previous items\" aria-controls=\"el-bufon-packages-1\" disabled aria-disabled=\"true\"><svg class=\"el-bufon-carousel-button__icon\" viewbox=\"0 0 24 24\" aria-hidden=\"true\" focusable=\"false\"><path d=\"M19 12H5M11 6l-6 6 6 6\" \/><\/svg><\/button><button class=\"el-bufon-carousel-button el-bufon-carousel-button--next\" type=\"button\" data-carousel-next aria-label=\"Next items\" aria-controls=\"el-bufon-packages-1\"><svg class=\"el-bufon-carousel-button__icon\" viewbox=\"0 0 24 24\" aria-hidden=\"true\" focusable=\"false\"><path d=\"M5 12h14M13 6l6 6-6 6\" \/><\/svg><\/button><\/div><\/div><\/div>\n\t\t\t\t\t\t<\/div>\n\t\t\t\t<\/div>\n\t\t\t\t\t<\/div>\n\t\t\t\t<\/div>\n\t\t<div class=\"elementor-element elementor-element-2454e720 e-con-full e-flex e-con e-parent\" data-id=\"2454e720\" data-element_type=\"container\" data-e-type=\"container\">\n\t\t<div class=\"elementor-element elementor-element-11480c9e gsap-grow-container e-flex e-con-boxed e-con e-child\" data-id=\"11480c9e\" data-element_type=\"container\" data-e-type=\"container\" data-settings=\"{&quot;background_background&quot;:&quot;classic&quot;}\">\n\t\t\t\t\t<div class=\"e-con-inner\">\n\t\t<div class=\"elementor-element elementor-element-14680fd1 e-con-full e-flex e-con e-child\" data-id=\"14680fd1\" data-element_type=\"container\" data-e-type=\"container\">\n\t\t\t\t<div class=\"elementor-element elementor-element-9ead3f9 elementor-absolute elementor-widget elementor-widget-image\" data-id=\"9ead3f9\" data-element_type=\"widget\" data-e-type=\"widget\" data-settings=\"{&quot;_position&quot;:&quot;absolute&quot;}\" data-widget_type=\"image.default\">\n\t\t\t\t\t\t\t\t\t\t\t\t\t\t\t<img fetchpriority=\"high\" decoding=\"async\" width=\"531\" height=\"397\" src=\"https:\/\/elbufondelacorte.com\/wp-content\/uploads\/2026\/08\/Hofnar.png\" class=\"attachment-large size-large wp-image-663\" alt=\"\" srcset=\"https:\/\/elbufondelacorte.com\/wp-content\/uploads\/2026\/08\/Hofnar.png 531w, https:\/\/elbufondelacorte.com\/wp-content\/uploads\/2026\/08\/Hofnar-300x224.png 300w, https:\/\/elbufondelacorte.com\/wp-content\/uploads\/2026\/08\/Hofnar-16x12.png 16w\" sizes=\"(max-width: 531px) 100vw, 531px\" \/>\t\t\t\t\t\t\t\t\t\t\t\t\t\t\t<\/div>\n\t\t\t\t<div class=\"elementor-element elementor-element-6bf82a5a elementor-widget elementor-widget-heading\" data-id=\"6bf82a5a\" data-element_type=\"widget\" data-e-type=\"widget\" data-widget_type=\"heading.default\">\n\t\t\t\t\t<h2 class=\"elementor-heading-title elementor-size-default\">Meer dan alleen een plek om te overnachten<\/h2>\t\t\t\t<\/div>\n\t\t\t\t<div class=\"elementor-element elementor-element-4cec2462 elementor-widget elementor-widget-text-editor\" data-id=\"4cec2462\" data-element_type=\"widget\" data-e-type=\"widget\" data-widget_type=\"text-editor.default\">\n\t\t\t\t\t\t\t\t\tWij, Frank &amp; Saskia, hebben onze drukke carri\u00e8res in Nederland achter ons gelaten voor een nieuw leven in Andalusi\u00eb. Tegenwoordig verwelkomen we gasten in El Buf\u00f3n de la Corte met persoonlijke aandacht, lokale kennis en de ontspannen gastvrijheid die wij zelf zo waarderen.\t\t\t\t\t\t\t\t<\/div>\n\t\t\t\t<\/div>\n\t\t<div class=\"elementor-element elementor-element-6c2d2d05 e-con-full e-flex e-con e-child\" data-id=\"6c2d2d05\" data-element_type=\"container\" data-e-type=\"container\">\n\t\t\t\t<div class=\"elementor-element elementor-element-45875000 elementor-widget elementor-widget-image\" data-id=\"45875000\" data-element_type=\"widget\" data-e-type=\"widget\" data-widget_type=\"image.default\">\n\t\t\t\t\t\t\t\t\t\t\t\t\t\t\t<img decoding=\"async\" width=\"800\" height=\"534\" src=\"https:\/\/elbufondelacorte.com\/wp-content\/uploads\/2026\/08\/PHOTO-2026-08-30-08-38-49-1024x683.jpg\" class=\"attachment-large size-large wp-image-981\" alt=\"\" srcset=\"https:\/\/elbufondelacorte.com\/wp-content\/uploads\/2026\/08\/PHOTO-2026-08-30-08-38-49-1024x683.jpg 1024w, https:\/\/elbufondelacorte.com\/wp-content\/uploads\/2026\/08\/PHOTO-2026-08-30-08-38-49-300x200.jpg 300w, https:\/\/elbufondelacorte.com\/wp-content\/uploads\/2026\/08\/PHOTO-2026-08-30-08-38-49-768x512.jpg 768w, https:\/\/elbufondelacorte.com\/wp-content\/uploads\/2026\/08\/PHOTO-2026-08-30-08-38-49-18x12.jpg 18w, https:\/\/elbufondelacorte.com\/wp-content\/uploads\/2026\/08\/PHOTO-2026-08-30-08-38-49.jpg 1536w\" sizes=\"(max-width: 800px) 100vw, 800px\" \/>\t\t\t\t\t\t\t\t\t\t\t\t\t\t\t<\/div>\n\t\t<div class=\"elementor-element elementor-element-f706069 e-con-full e-grid e-con e-child\" data-id=\"f706069\" data-element_type=\"container\" data-e-type=\"container\">\n\t\t<div class=\"elementor-element elementor-element-a7fd77a e-con-full e-flex e-con e-child\" data-id=\"a7fd77a\" data-element_type=\"container\" data-e-type=\"container\">\n\t\t\t\t<div class=\"elementor-element elementor-element-553b9c9 elementor-widget elementor-widget-heading\" data-id=\"553b9c9\" data-element_type=\"widget\" data-e-type=\"widget\" data-widget_type=\"heading.default\">\n\t\t\t\t\t<h3 class=\"elementor-heading-title elementor-size-default\">Oprechte gastvrijheid<\/h3>\t\t\t\t<\/div>\n\t\t\t\t<div class=\"elementor-element elementor-element-4c2276f elementor-widget elementor-widget-text-editor\" data-id=\"4c2276f\" data-element_type=\"widget\" data-e-type=\"widget\" data-widget_type=\"text-editor.default\">\n\t\t\t\t\t\t\t\t\tPersoonlijke aandacht, openhartige gesprekken en lokale tips van gastheren en -vrouwen die oprecht begaan zijn met je verblijf.\t\t\t\t\t\t\t\t<\/div>\n\t\t\t\t<\/div>\n\t\t<div class=\"elementor-element elementor-element-1a46053 e-con-full e-flex e-con e-child\" data-id=\"1a46053\" data-element_type=\"container\" data-e-type=\"container\">\n\t\t\t\t<div class=\"elementor-element elementor-element-65dcce7 elementor-widget elementor-widget-heading\" data-id=\"65dcce7\" data-element_type=\"widget\" data-e-type=\"widget\" data-widget_type=\"heading.default\">\n\t\t\t\t\t<h3 class=\"elementor-heading-title elementor-size-default\">Ontspannen en informeel\n<\/h3>\t\t\t\t<\/div>\n\t\t\t\t<div class=\"elementor-element elementor-element-065f878 elementor-widget elementor-widget-text-editor\" data-id=\"065f878\" data-element_type=\"widget\" data-e-type=\"widget\" data-widget_type=\"text-editor.default\">\n\t\t\t\t\t\t\t\t\tVoel je hier thuis, doe alles op je eigen tempo en geniet van je verblijf op de manier die het beste bij je past.\t\t\t\t\t\t\t\t<\/div>\n\t\t\t\t<\/div>\n\t\t<div class=\"elementor-element elementor-element-b691cd5 e-con-full e-flex e-con e-child\" data-id=\"b691cd5\" data-element_type=\"container\" data-e-type=\"container\">\n\t\t\t\t<div class=\"elementor-element elementor-element-ed33feb elementor-widget elementor-widget-heading\" data-id=\"ed33feb\" data-element_type=\"widget\" data-e-type=\"widget\" data-widget_type=\"heading.default\">\n\t\t\t\t\t<h3 class=\"elementor-heading-title elementor-size-default\">Een huis met een verhaal<\/h3>\t\t\t\t<\/div>\n\t\t\t\t<div class=\"elementor-element elementor-element-cfc81f3 elementor-widget elementor-widget-text-editor\" data-id=\"cfc81f3\" data-element_type=\"widget\" data-e-type=\"widget\" data-widget_type=\"text-editor.default\">\n\t\t\t\t\t\t\t\t\tHet originele metselwerk, de oude molenstenen en de details van de voormalige watermolen houden de geschiedenis van het huis levend.\t\t\t\t\t\t\t\t<\/div>\n\t\t\t\t<\/div>\n\t\t\t\t<\/div>\n\t\t\t\t<\/div>\n\t\t\t\t<div class=\"elementor-element elementor-element-1a9c743 elementor-widget elementor-widget-button\" data-id=\"1a9c743\" data-element_type=\"widget\" data-e-type=\"widget\" data-widget_type=\"button.default\">\n\t\t\t\t\t\t\t\t\t\t<a class=\"elementor-button elementor-button-link elementor-size-sm\" href=\"https:\/\/elbufondelacorte.com\/nl\/over-ons\/\">\n\t\t\t\t\t\t<span class=\"elementor-button-content-wrapper\">\n\t\t\t\t\t\t\t\t\t<span class=\"elementor-button-text\">Over ons<\/span>\n\t\t\t\t\t<\/span>\n\t\t\t\t\t<\/a>\n\t\t\t\t\t\t\t\t<\/div>\n\t\t\t\t\t<\/div>\n\t\t\t\t<\/div>\n\t\t\t\t<\/div>\n\t\t<div class=\"elementor-element elementor-element-163c2f9 e-flex e-con-boxed e-con e-parent\" data-id=\"163c2f9\" data-element_type=\"container\" data-e-type=\"container\">\n\t\t\t\t\t<div class=\"e-con-inner\">\n\t\t<div class=\"elementor-element elementor-element-29e6f97 e-con-full e-flex e-con e-child\" data-id=\"29e6f97\" data-element_type=\"container\" data-e-type=\"container\">\n\t\t\t\t<div class=\"elementor-element elementor-element-dd9c8e8 elementor-widget elementor-widget-heading\" data-id=\"dd9c8e8\" data-element_type=\"widget\" data-e-type=\"widget\" data-widget_type=\"heading.default\">\n\t\t\t\t\t<h2 class=\"elementor-heading-title elementor-size-default\">Kies uw verblijf bij El Buf\u00f3n de la Corte<\/h2>\t\t\t\t<\/div>\n\t\t\t\t<\/div>\n\t\t<div class=\"elementor-element elementor-element-ff9b618 e-con-full e-flex e-con e-child\" data-id=\"ff9b618\" data-element_type=\"container\" data-e-type=\"container\">\n\t\t\t\t<div class=\"elementor-element elementor-element-e021dd9 elementor-widget elementor-widget-shortcode\" data-id=\"e021dd9\" data-element_type=\"widget\" data-e-type=\"widget\" data-widget_type=\"shortcode.default\">\n\t\t\t\t\t\t\t<div class=\"elementor-shortcode\"><div class=\"el-bufon-rooms-carousel el-bufon-carousel\" data-el-bufon-carousel><div class=\"el-bufon-carousel-frame\"><div id=\"el-bufon-rooms-2\" class=\"el-bufon-carousel-track el-bufon-rooms-carousel__track\" tabindex=\"0\" aria-label=\"Kamers\"><article class=\"el-bufon-rooms-carousel__item\"><a class=\"el-bufon-room-card\" href=\"https:\/\/elbufondelacorte.com\/nl\/rooms\/bouguet\/\" aria-labelledby=\"el-bufon-room-title-132\"><div class=\"el-bufon-room-card__media\"><img loading=\"lazy\" decoding=\"async\" width=\"800\" height=\"534\" src=\"https:\/\/elbufondelacorte.com\/wp-content\/uploads\/2026\/08\/bouquet-01-ruime-kamer-3x2-1-1024x683.jpg\" class=\"el-bufon-room-card__image wp-post-image\" alt=\"Bouguet\" \/><\/div><div class=\"el-bufon-room-card__content\"><h3 id=\"el-bufon-room-title-132\" class=\"el-bufon-room-card__title\">Bouguet<\/h3><p class=\"el-bufon-room-card__description\">Een sfeervolle kamer waarin twee originele molenstenen van de voormalige watermolen in de vloer zijn bewaard gebleven, waardoor u tijdens uw verblijf een uniek stukje geschiedenis van het gebouw meemaakt.<\/p><ul class=\"el-bufon-room-card__usps\"><li class=\"el-bufon-room-card__usp\">Oorspronkelijke stenen muren uit 1880<\/li><li class=\"el-bufon-room-card__usp\">De meest historische kamer van het huis<\/li><\/ul><ul class=\"el-bufon-room-card__labels\" aria-label=\"Room features\"><li class=\"el-bufon-room-card__label\">Guests: 2<\/li><li class=\"el-bufon-room-card__label\">Bathroom: Ensuite<\/li><li class=\"el-bufon-room-card__label\">Air conditioning: Yes<\/li><\/ul><div class=\"el-bufon-room-card__footer\"><span class=\"el-bufon-room-card__button\" aria-hidden=\"true\">View room<\/span><span class=\"el-bufon-room-card__price\">Vanaf \u20ac 89,50 per nacht<\/span><\/div><\/div><\/a><\/article><article class=\"el-bufon-rooms-carousel__item\"><a class=\"el-bufon-room-card\" href=\"https:\/\/elbufondelacorte.com\/nl\/rooms\/rigoletto\/\" aria-labelledby=\"el-bufon-room-title-133\"><div class=\"el-bufon-room-card__media\"><img loading=\"lazy\" decoding=\"async\" width=\"800\" height=\"534\" src=\"https:\/\/elbufondelacorte.com\/wp-content\/uploads\/2026\/08\/rigoletto-10-kamer-richting-entree-3x2-1-1024x683.jpg\" class=\"el-bufon-room-card__image wp-post-image\" alt=\"Rigoletto\" \/><\/div><div class=\"el-bufon-room-card__content\"><h3 id=\"el-bufon-room-title-133\" class=\"el-bufon-room-card__title\">Rigoletto<\/h3><p class=\"el-bufon-room-card__description\">Een romantische kamer op de eerste verdieping met toegang tot een gemeenschappelijk dakterras en een weids uitzicht op de bergen, ontworpen voor een rustig verblijf met z\u2019n twee\u00ebn.<\/p><ul class=\"el-bufon-room-card__usps\"><li class=\"el-bufon-room-card__usp\">Priv\u00e9balkon op de eerste verdieping<\/li><li class=\"el-bufon-room-card__usp\">Panoramisch uitzicht op de bergen<\/li><\/ul><ul class=\"el-bufon-room-card__labels\" aria-label=\"Room features\"><li class=\"el-bufon-room-card__label\">Guests: 2<\/li><li class=\"el-bufon-room-card__label\">Bathroom: Ensuite<\/li><li class=\"el-bufon-room-card__label\">Air conditioning: Yes<\/li><\/ul><div class=\"el-bufon-room-card__footer\"><span class=\"el-bufon-room-card__button\" aria-hidden=\"true\">View room<\/span><span class=\"el-bufon-room-card__price\">Vanaf \u20ac 89,50 per nacht<\/span><\/div><\/div><\/a><\/article><article class=\"el-bufon-rooms-carousel__item\"><a class=\"el-bufon-room-card\" href=\"https:\/\/elbufondelacorte.com\/nl\/rooms\/studio-cigarillo\/\" aria-labelledby=\"el-bufon-room-title-134\"><div class=\"el-bufon-room-card__media\"><img loading=\"lazy\" decoding=\"async\" width=\"800\" height=\"534\" src=\"https:\/\/elbufondelacorte.com\/wp-content\/uploads\/2026\/08\/studio-cigarillos-03-studio-met-tweepersoonsbed-3x2-1-1024x683.jpg\" class=\"el-bufon-room-card__image wp-post-image\" alt=\"Studio Cigarillo\" \/><\/div><div class=\"el-bufon-room-card__content\"><h3 id=\"el-bufon-room-title-134\" class=\"el-bufon-room-card__title\">Studio Cigarillo<\/h3><p class=\"el-bufon-room-card__description\">Onze grootste accommodatie beschikt over twee eenpersoonsbedden, een kleine keuken en toegang tot een gemeenschappelijk dakterras met een panoramisch uitzicht op de bergen.<\/p><ul class=\"el-bufon-room-card__usps\"><li class=\"el-bufon-room-card__usp\">Priv\u00e9 panoramisch dakterras<\/li><li class=\"el-bufon-room-card__usp\">Keuken voor langere verblijven<\/li><\/ul><ul class=\"el-bufon-room-card__labels\" aria-label=\"Room features\"><li class=\"el-bufon-room-card__label\">Guests: 2<\/li><li class=\"el-bufon-room-card__label\">Bathroom: Ensuite<\/li><li class=\"el-bufon-room-card__label\">Air conditioning: Yes<\/li><\/ul><div class=\"el-bufon-room-card__footer\"><span class=\"el-bufon-room-card__button\" aria-hidden=\"true\">View room<\/span><span class=\"el-bufon-room-card__price\">Vanaf \u20ac 109 per nacht<\/span><\/div><\/div><\/a><\/article><article class=\"el-bufon-rooms-carousel__item\"><a class=\"el-bufon-room-card\" href=\"https:\/\/elbufondelacorte.com\/nl\/rooms\/senorita\/\" aria-labelledby=\"el-bufon-room-title-137\"><div class=\"el-bufon-room-card__media\"><img loading=\"lazy\" decoding=\"async\" width=\"800\" height=\"534\" src=\"https:\/\/elbufondelacorte.com\/wp-content\/uploads\/2026\/08\/senorita-07-kamer-met-kist-3x2-1-1024x683.jpg\" class=\"el-bufon-room-card__image wp-post-image\" alt=\"Juffrouw\" \/><\/div><div class=\"el-bufon-room-card__content\"><h3 id=\"el-bufon-room-title-137\" class=\"el-bufon-room-card__title\">Juffrouw<\/h3><p class=\"el-bufon-room-card__description\">Een priv\u00e9kamer op de begane grond met een eigen ingang aan de buitenkant, uitzicht op de tuin en een ontspannen sfeer voor twee gasten.<\/p><ul class=\"el-bufon-room-card__usps\"><li class=\"el-bufon-room-card__usp\">Eigen ingang aan de buitenkant<\/li><li class=\"el-bufon-room-card__usp\">Uitzicht op de tuin en de bergen<\/li><\/ul><ul class=\"el-bufon-room-card__labels\" aria-label=\"Room features\"><li class=\"el-bufon-room-card__label\">Guests: 2<\/li><li class=\"el-bufon-room-card__label\">Bathroom: Ensuite<\/li><li class=\"el-bufon-room-card__label\">Entrance: Private<\/li><li class=\"el-bufon-room-card__label\">Air conditioning: Yes<\/li><\/ul><div class=\"el-bufon-room-card__footer\"><span class=\"el-bufon-room-card__button\" aria-hidden=\"true\">View room<\/span><span class=\"el-bufon-room-card__price\">Vanaf \u20ac 89,50 per nacht<\/span><\/div><\/div><\/a><\/article><article class=\"el-bufon-rooms-carousel__item\"><a class=\"el-bufon-room-card\" href=\"https:\/\/elbufondelacorte.com\/nl\/rooms\/matinata\/\" aria-labelledby=\"el-bufon-room-title-138\"><div class=\"el-bufon-room-card__media\"><img loading=\"lazy\" decoding=\"async\" width=\"768\" height=\"1024\" src=\"https:\/\/elbufondelacorte.com\/wp-content\/uploads\/2026\/08\/matinata-04-kamer-met-zitje-3x4-1-768x1024.jpg\" class=\"el-bufon-room-card__image wp-post-image\" alt=\"Matinata\" \/><\/div><div class=\"el-bufon-room-card__content\"><h3 id=\"el-bufon-room-title-138\" class=\"el-bufon-room-card__title\">Matinata<\/h3><p class=\"el-bufon-room-card__description\">Een lichte tweepersoonskamer op de eerste verdieping, waar het zachte ochtendlicht en het uitzicht op de bergen zorgen voor een opbeurend begin van elke dag.<\/p><ul class=\"el-bufon-room-card__usps\"><li class=\"el-bufon-room-card__usp\">Lichte kamer op de eerste verdieping<\/li><li class=\"el-bufon-room-card__usp\">Ochtendlicht en uitzicht op de bergen<\/li><\/ul><ul class=\"el-bufon-room-card__labels\" aria-label=\"Room features\"><li class=\"el-bufon-room-card__label\">Guests: 2<\/li><li class=\"el-bufon-room-card__label\">Bathroom: Ensuite<\/li><li class=\"el-bufon-room-card__label\">Air conditioning: Yes<\/li><\/ul><div class=\"el-bufon-room-card__footer\"><span class=\"el-bufon-room-card__button\" aria-hidden=\"true\">View room<\/span><span class=\"el-bufon-room-card__price\">Vanaf \u20ac 89,50 per nacht<\/span><\/div><\/div><\/a><\/article><article class=\"el-bufon-rooms-carousel__item\"><a class=\"el-bufon-room-card\" href=\"https:\/\/elbufondelacorte.com\/nl\/rooms\/hartelijk\/\" aria-labelledby=\"el-bufon-room-title-252\"><div class=\"el-bufon-room-card__media\"><img loading=\"lazy\" decoding=\"async\" width=\"683\" height=\"1024\" src=\"https:\/\/elbufondelacorte.com\/wp-content\/uploads\/2026\/08\/cordial-01-kamer-vanaf-de-entree-2x3-1-683x1024.jpg\" class=\"el-bufon-room-card__image wp-post-image\" alt=\"Met vriendelijke groeten\" \/><\/div><div class=\"el-bufon-room-card__content\"><h3 id=\"el-bufon-room-title-252\" class=\"el-bufon-room-card__title\">Met vriendelijke groeten<\/h3><p class=\"el-bufon-room-card__description\">Een lichte, moderne tweepersoonskamer op de eerste verdieping met een rustgevend uitzicht op de bergen en een warme sfeer, ge\u00efnspireerd door de Andalusische gastvrijheid.<\/p><ul class=\"el-bufon-room-card__usps\"><li class=\"el-bufon-room-card__usp\">Lichte, moderne kamer op de eerste verdieping<\/li><li class=\"el-bufon-room-card__usp\">Rustgevend uitzicht over de bergen<\/li><\/ul><ul class=\"el-bufon-room-card__labels\" aria-label=\"Room features\"><li class=\"el-bufon-room-card__label\">Guests: 2<\/li><li class=\"el-bufon-room-card__label\">Bathroom: Ensuite<\/li><li class=\"el-bufon-room-card__label\">Air conditioning: Yes<\/li><\/ul><div class=\"el-bufon-room-card__footer\"><span class=\"el-bufon-room-card__button\" aria-hidden=\"true\">View room<\/span><span class=\"el-bufon-room-card__price\">Vanaf \u20ac 89,50 per nacht<\/span><\/div><\/div><\/a><\/article><\/div><\/div><div class=\"el-bufon-carousel-nav\" role=\"group\" aria-label=\"Carousel navigation\"><button class=\"el-bufon-carousel-button el-bufon-carousel-button--previous\" type=\"button\" data-carousel-previous aria-label=\"Previous items\" aria-controls=\"el-bufon-rooms-2\" disabled aria-disabled=\"true\"><svg class=\"el-bufon-carousel-button__icon\" viewbox=\"0 0 24 24\" aria-hidden=\"true\" focusable=\"false\"><path d=\"M19 12H5M11 6l-6 6 6 6\" \/><\/svg><\/button><button class=\"el-bufon-carousel-button el-bufon-carousel-button--next\" type=\"button\" data-carousel-next aria-label=\"Next items\" aria-controls=\"el-bufon-rooms-2\"><svg class=\"el-bufon-carousel-button__icon\" viewbox=\"0 0 24 24\" aria-hidden=\"true\" focusable=\"false\"><path d=\"M5 12h14M13 6l6 6-6 6\" \/><\/svg><\/button><\/div><\/div><\/div>\n\t\t\t\t\t\t<\/div>\n\t\t\t\t<\/div>\n\t\t\t\t\t<\/div>\n\t\t\t\t<\/div>\n\t\t<div class=\"elementor-element elementor-element-c3b36d7 e-flex e-con-boxed e-con e-parent\" data-id=\"c3b36d7\" data-element_type=\"container\" data-e-type=\"container\" data-settings=\"{&quot;background_background&quot;:&quot;classic&quot;}\">\n\t\t\t\t\t<div class=\"e-con-inner\">\n\t\t<div class=\"elementor-element elementor-element-cf91dd2 e-con-full e-flex e-con e-child\" data-id=\"cf91dd2\" data-element_type=\"container\" data-e-type=\"container\">\n\t\t\t\t<div class=\"elementor-element elementor-element-2293b65 elementor-widget elementor-widget-heading\" data-id=\"2293b65\" data-element_type=\"widget\" data-e-type=\"widget\" data-widget_type=\"heading.default\">\n\t\t\t\t\t<h2 class=\"elementor-heading-title elementor-size-default\">Zeer geliefd bij onze gasten<\/h2>\t\t\t\t<\/div>\n\t\t\t\t<\/div>\n\t\t<div class=\"elementor-element elementor-element-76260cd e-con-full e-flex e-con e-child\" data-id=\"76260cd\" data-element_type=\"container\" data-e-type=\"container\">\n\t\t\t\t<div class=\"elementor-element elementor-element-e083259 elementor-widget elementor-widget-shortcode\" data-id=\"e083259\" data-element_type=\"widget\" data-e-type=\"widget\" data-widget_type=\"shortcode.default\">\n\t\t\t\t\t\t\t<div class=\"elementor-shortcode\"><div class=\"el-bufon-reviews-carousel el-bufon-carousel\" data-el-bufon-carousel><div class=\"el-bufon-carousel-frame\"><div id=\"el-bufon-reviews-3\" class=\"el-bufon-carousel-track el-bufon-reviews-carousel__track\" tabindex=\"0\" aria-label=\"Guest reviews\"><article class=\"el-bufon-reviews-carousel__card\"><img decoding=\"async\" class=\"el-bufon-reviews-carousel__quote-icon\" src=\"https:\/\/elbufondelacorte.com\/wp-content\/uploads\/2026\/08\/Quote-icon.svg\" height=\"16\" alt=\"\" aria-hidden=\"true\"><blockquote class=\"el-bufon-reviews-carousel__quote\"><p>Saskia en Frank verdienen een tien op tien! We zijn helemaal uitgerust weer thuisgekomen. Ze hebben iets heel bijzonders neergezet, en we hebben van alles genoten: van het ontbijt tot de gezellige gesprekken \u2019s avonds. We hebben prachtige dagtochten gemaakt, waaronder de Caminito del Rey, een fietstocht in M\u00e1laga, de arena in Ronda en ontspannen ritjes rond de stuwmeren. We komen zeker nog eens terug!<\/p><\/blockquote><footer class=\"el-bufon-reviews-carousel__footer\"><div><cite class=\"el-bufon-reviews-carousel__guest\">Piet &amp; Mieke<\/cite><time class=\"el-bufon-reviews-carousel__date\" datetime=\"2025-02\">februari 2025<\/time><\/div><img decoding=\"async\" class=\"el-bufon-reviews-carousel__platform-icon\" src=\"https:\/\/elbufondelacorte.com\/wp-content\/uploads\/2026\/08\/Buffon.svg\" height=\"20\" alt=\"Rechtstreeks boeken\" loading=\"lazy\"><\/footer><\/article><article class=\"el-bufon-reviews-carousel__card\"><img decoding=\"async\" class=\"el-bufon-reviews-carousel__quote-icon\" src=\"https:\/\/elbufondelacorte.com\/wp-content\/uploads\/2026\/08\/Quote-icon.svg\" height=\"16\" alt=\"\" aria-hidden=\"true\"><blockquote class=\"el-bufon-reviews-carousel__quote\"><p>We verbleven van 16 tot en met 19 april in de B&amp;B van Saskia en Frank. Het is een prachtige, rustige plek met comfortabele kamers, ruime douches, uitstekende bedden en een uitgebreid ontbijt. Het verse sinaasappelsap wordt gemaakt met fruit uit hun eigen boomgaard. De B&amp;B is een ideale uitvalsbasis voor M\u00e1laga, de Caminito del Rey, Ronda en nabijgelegen Spaanse dorpjes met goede restaurants. Blijf niet slechts \u00e9\u00e9n nacht: neem de tijd om de omgeving te verkennen. We hebben enorm genoten van ons verblijf. Saskia en Frank, ga zo door!<\/p><\/blockquote><footer class=\"el-bufon-reviews-carousel__footer\"><div><cite class=\"el-bufon-reviews-carousel__guest\">Karin &amp; Ruud<\/cite><time class=\"el-bufon-reviews-carousel__date\" datetime=\"2025-04\">april 2025<\/time><\/div><img decoding=\"async\" class=\"el-bufon-reviews-carousel__platform-icon\" src=\"https:\/\/elbufondelacorte.com\/wp-content\/uploads\/2026\/08\/Buffon.svg\" height=\"20\" alt=\"Rechtstreeks boeken\" loading=\"lazy\"><\/footer><\/article><article class=\"el-bufon-reviews-carousel__card\"><img decoding=\"async\" class=\"el-bufon-reviews-carousel__quote-icon\" src=\"https:\/\/elbufondelacorte.com\/wp-content\/uploads\/2026\/08\/Quote-icon.svg\" height=\"16\" alt=\"\" aria-hidden=\"true\"><blockquote class=\"el-bufon-reviews-carousel__quote\"><p>Wij waren de eerste groep uit Brabant die een enduro-verblijf bij Saskia en Frank mocht beleven. We hebben een fantastische tijd gehad, met uitstekende verzorging, heerlijke en gevarieerde maaltijden, een barbecue en veel gezelligheid. Twee lokale gidsen, een vader en zoon, zorgden voor authentiek enduro-rijden, van uitdagende routes tot extreme beklimmingen en afdalingen. We bevelen dit prachtige, ruige gebied van harte aan bij andere enduro-rijders die op zoek zijn naar een spannende uitdaging. Hartelijk dank aan Saskia en Frank namens de hele groep!<\/p><\/blockquote><footer class=\"el-bufon-reviews-carousel__footer\"><div><cite class=\"el-bufon-reviews-carousel__guest\">Pedro, Ben, Ren\u00e9, Pieter en Michel<\/cite><time class=\"el-bufon-reviews-carousel__date\" datetime=\"2025-09\">september 2025<\/time><\/div><img decoding=\"async\" class=\"el-bufon-reviews-carousel__platform-icon\" src=\"https:\/\/elbufondelacorte.com\/wp-content\/uploads\/2026\/08\/Buffon.svg\" height=\"20\" alt=\"Rechtstreeks boeken\" loading=\"lazy\"><\/footer><\/article><article class=\"el-bufon-reviews-carousel__card\"><img decoding=\"async\" class=\"el-bufon-reviews-carousel__quote-icon\" src=\"https:\/\/elbufondelacorte.com\/wp-content\/uploads\/2026\/08\/Quote-icon.svg\" height=\"16\" alt=\"\" aria-hidden=\"true\"><blockquote class=\"el-bufon-reviews-carousel__quote\"><p>We hebben hier heerlijk overnacht en genoten van een fantastisch ontbijt. De kamer was prachtig en het bed lag ontzettend lekker. We verbleven hier na onze wandeling over de Caminito del Rey, en ik kan me geen betere plek voorstellen om daarna tot rust te komen. Het is echt een heerlijke plek en zeker de moeite waard om te boeken!<\/p><\/blockquote><footer class=\"el-bufon-reviews-carousel__footer\"><div><cite class=\"el-bufon-reviews-carousel__guest\">Erwin &amp; Marri\u00ebtte<\/cite><time class=\"el-bufon-reviews-carousel__date\" datetime=\"2026-04\">april 2026<\/time><\/div><img decoding=\"async\" class=\"el-bufon-reviews-carousel__platform-icon\" src=\"https:\/\/elbufondelacorte.com\/wp-content\/uploads\/2026\/08\/Buffon.svg\" height=\"20\" alt=\"Rechtstreeks boeken\" loading=\"lazy\"><\/footer><\/article><article class=\"el-bufon-reviews-carousel__card\"><img decoding=\"async\" class=\"el-bufon-reviews-carousel__quote-icon\" src=\"https:\/\/elbufondelacorte.com\/wp-content\/uploads\/2026\/08\/Quote-icon.svg\" height=\"16\" alt=\"\" aria-hidden=\"true\"><blockquote class=\"el-bufon-reviews-carousel__quote\"><p>Als je op zoek bent naar een prachtige B&amp;B met buitengewoon gastvrije gastheren, dan is dit de plek waar je moet zijn. We verbleven hier van 1 tot en met 7 mei en hebben een onvergetelijke tijd gehad. De omgeving is prachtig voor motorritten, vooral als je van bochtige wegen houdt. Alles is bespreekbaar, en Saskia heeft zelfs mijn was gedaan. Saskia en Frank, bedankt dat jullie zo goed voor ons hebben gezorgd. We hopen ooit nog eens terug te komen!<\/p><\/blockquote><footer class=\"el-bufon-reviews-carousel__footer\"><div><cite class=\"el-bufon-reviews-carousel__guest\">Jan, Jeroen en Ren\u00e9<\/cite><time class=\"el-bufon-reviews-carousel__date\" datetime=\"2026-05\">mei 2026<\/time><\/div><img decoding=\"async\" class=\"el-bufon-reviews-carousel__platform-icon\" src=\"https:\/\/elbufondelacorte.com\/wp-content\/uploads\/2026\/08\/Buffon.svg\" height=\"20\" alt=\"Rechtstreeks boeken\" loading=\"lazy\"><\/footer><\/article><article class=\"el-bufon-reviews-carousel__card\"><img decoding=\"async\" class=\"el-bufon-reviews-carousel__quote-icon\" src=\"https:\/\/elbufondelacorte.com\/wp-content\/uploads\/2026\/08\/Quote-icon.svg\" height=\"16\" alt=\"\" aria-hidden=\"true\"><blockquote class=\"el-bufon-reviews-carousel__quote\"><p>We hebben enorm genoten van ons verblijf bij Saskia en Frank in B&amp;B El Buf\u00f3n de la Corte. Vanaf het moment dat we aankwamen, voelden we ons dankzij hun warme gastvrijheid en persoonlijke aandacht meteen welkom. De kamers zijn comfortabel, brandschoon en met zorg ingericht, en elke ochtend begon met een heerlijk vers ontbijt. De rustige ligging is ideaal om de Caminito del Rey, Ronda, het prachtige landschap en authentieke Andalusische dorpjes te verkennen. Saskia en Frank geven graag lokale tips en doen er alles aan om je verblijf zo aangenaam mogelijk te maken. Een echte aanrader voor iedereen die Andalusi\u00eb wil ontdekken vanuit een sfeervolle en gastvrije B&amp;B. We komen graag nog eens terug!<\/p><\/blockquote><footer class=\"el-bufon-reviews-carousel__footer\"><div><cite class=\"el-bufon-reviews-carousel__guest\">Didier &amp; Nikki<\/cite><time class=\"el-bufon-reviews-carousel__date\" datetime=\"2026-08\">augustus 2026<\/time><\/div><img decoding=\"async\" class=\"el-bufon-reviews-carousel__platform-icon\" src=\"https:\/\/elbufondelacorte.com\/wp-content\/uploads\/2026\/08\/Buffon.svg\" height=\"20\" alt=\"Rechtstreeks boeken\" loading=\"lazy\"><\/footer><\/article><\/div><\/div><div class=\"el-bufon-carousel-nav\" role=\"group\" aria-label=\"Carousel navigation\"><button class=\"el-bufon-carousel-button el-bufon-carousel-button--previous\" type=\"button\" data-carousel-previous aria-label=\"Previous items\" aria-controls=\"el-bufon-reviews-3\" disabled aria-disabled=\"true\"><svg class=\"el-bufon-carousel-button__icon\" viewbox=\"0 0 24 24\" aria-hidden=\"true\" focusable=\"false\"><path d=\"M19 12H5M11 6l-6 6 6 6\" \/><\/svg><\/button><button class=\"el-bufon-carousel-button el-bufon-carousel-button--next\" type=\"button\" data-carousel-next aria-label=\"Next items\" aria-controls=\"el-bufon-reviews-3\"><svg class=\"el-bufon-carousel-button__icon\" viewbox=\"0 0 24 24\" aria-hidden=\"true\" focusable=\"false\"><path d=\"M5 12h14M13 6l6 6-6 6\" \/><\/svg><\/button><\/div><\/div><\/div>\n\t\t\t\t\t\t<\/div>\n\t\t\t\t<\/div>\n\t\t\t\t\t<\/div>\n\t\t\t\t<\/div>\n\t\t<div class=\"elementor-element elementor-element-bf40db4 e-flex e-con-boxed e-con e-parent\" data-id=\"bf40db4\" data-element_type=\"container\" data-e-type=\"container\">\n\t\t\t\t\t<div class=\"e-con-inner\">\n\t\t<div class=\"elementor-element elementor-element-4404c73 e-con-full e-flex e-con e-child\" data-id=\"4404c73\" data-element_type=\"container\" data-e-type=\"container\" data-settings=\"{&quot;background_background&quot;:&quot;classic&quot;}\">\n\t\t<div class=\"elementor-element elementor-element-31ace39 e-con-full e-flex e-con e-child\" data-id=\"31ace39\" data-element_type=\"container\" data-e-type=\"container\">\n\t\t<div class=\"elementor-element elementor-element-409b60b e-con-full e-flex e-con e-child\" data-id=\"409b60b\" data-element_type=\"container\" data-e-type=\"container\">\n\t\t\t\t<div class=\"elementor-element elementor-element-f40f5ea elementor-widget elementor-widget-heading\" data-id=\"f40f5ea\" data-element_type=\"widget\" data-e-type=\"widget\" data-widget_type=\"heading.default\">\n\t\t\t\t\t<h2 class=\"elementor-heading-title elementor-size-default\">Een verhaal dat in steen is gegrift<\/h2>\t\t\t\t<\/div>\n\t\t\t\t<div class=\"elementor-element elementor-element-24b5bf3 elementor-widget elementor-widget-text-editor\" data-id=\"24b5bf3\" data-element_type=\"widget\" data-e-type=\"widget\" data-widget_type=\"text-editor.default\">\n\t\t\t\t\t\t\t\t\t<p>De geschiedenis van El Buf\u00f3n de la Corte is nog steeds overal in het huis terug te vinden. Het gebouw, dat dateert uit circa 1880, deed ooit dienst als watermolen. Tegenwoordig maken de originele molenstenen nog steeds deel uit van de vloeren. Authentieke details die uw verblijf verbinden met de verhalen uit het verleden.<\/p>\t\t\t\t\t\t\t\t<\/div>\n\t\t\t\t<\/div>\n\t\t<div class=\"elementor-element elementor-element-7d44a36 e-con-full e-flex e-con e-child\" data-id=\"7d44a36\" data-element_type=\"container\" data-e-type=\"container\">\n\t\t\t\t<div class=\"elementor-element elementor-element-32ba571 elementor-widget elementor-widget-button\" data-id=\"32ba571\" data-element_type=\"widget\" data-e-type=\"widget\" data-widget_type=\"button.default\">\n\t\t\t\t\t\t\t\t\t\t<a class=\"elementor-button elementor-button-link elementor-size-sm\" href=\"https:\/\/elbufondelacorte.com\/nl\/over-ons\/\">\n\t\t\t\t\t\t<span class=\"elementor-button-content-wrapper\">\n\t\t\t\t\t\t\t\t\t<span class=\"elementor-button-text\">Over ons<\/span>\n\t\t\t\t\t<\/span>\n\t\t\t\t\t<\/a>\n\t\t\t\t\t\t\t\t<\/div>\n\t\t\t\t<\/div>\n\t\t\t\t<\/div>\n\t\t<div class=\"elementor-element elementor-element-8922eeb e-con-full e-flex e-con e-child\" data-id=\"8922eeb\" data-element_type=\"container\" data-e-type=\"container\">\n\t\t\t\t<div class=\"elementor-element elementor-element-b291c9c elementor-widget elementor-widget-image\" data-id=\"b291c9c\" data-element_type=\"widget\" data-e-type=\"widget\" data-widget_type=\"image.default\">\n\t\t\t\t\t\t\t\t\t\t\t\t\t\t\t<img decoding=\"async\" width=\"683\" height=\"1024\" src=\"https:\/\/elbufondelacorte.com\/wp-content\/uploads\/2026\/08\/13-trap-en-binnenplaats-2x3-1-683x1024.jpg\" class=\"attachment-large size-large wp-image-598\" alt=\"\" srcset=\"https:\/\/elbufondelacorte.com\/wp-content\/uploads\/2026\/08\/13-trap-en-binnenplaats-2x3-1-683x1024.jpg 683w, https:\/\/elbufondelacorte.com\/wp-content\/uploads\/2026\/08\/13-trap-en-binnenplaats-2x3-1-200x300.jpg 200w, https:\/\/elbufondelacorte.com\/wp-content\/uploads\/2026\/08\/13-trap-en-binnenplaats-2x3-1-768x1151.jpg 768w, https:\/\/elbufondelacorte.com\/wp-content\/uploads\/2026\/08\/13-trap-en-binnenplaats-2x3-1-1025x1536.jpg 1025w, https:\/\/elbufondelacorte.com\/wp-content\/uploads\/2026\/08\/13-trap-en-binnenplaats-2x3-1-1366x2048.jpg 1366w, https:\/\/elbufondelacorte.com\/wp-content\/uploads\/2026\/08\/13-trap-en-binnenplaats-2x3-1-8x12.jpg 8w, https:\/\/elbufondelacorte.com\/wp-content\/uploads\/2026\/08\/13-trap-en-binnenplaats-2x3-1.jpg 1601w\" sizes=\"(max-width: 683px) 100vw, 683px\" \/>\t\t\t\t\t\t\t\t\t\t\t\t\t\t\t<\/div>\n\t\t\t\t<\/div>\n\t\t\t\t<\/div>\n\t\t\t\t\t<\/div>\n\t\t\t\t<\/div>\n\t\t<div class=\"elementor-element elementor-element-5fde59c e-flex e-con-boxed e-con e-parent\" data-id=\"5fde59c\" data-element_type=\"container\" data-e-type=\"container\">\n\t\t\t\t\t<div class=\"e-con-inner\">\n\t\t<div class=\"elementor-element elementor-element-2d9fec4 e-con-full e-flex e-con e-child\" data-id=\"2d9fec4\" data-element_type=\"container\" data-e-type=\"container\" data-settings=\"{&quot;background_background&quot;:&quot;classic&quot;}\">\n\t\t<div class=\"elementor-element elementor-element-94ebab7 e-con-full e-flex e-con e-child\" data-id=\"94ebab7\" data-element_type=\"container\" data-e-type=\"container\">\n\t\t<div class=\"elementor-element elementor-element-86b2198 e-con-full e-flex e-con e-child\" data-id=\"86b2198\" data-element_type=\"container\" data-e-type=\"container\">\n\t\t\t\t<div class=\"elementor-element elementor-element-abf6b63 elementor-widget elementor-widget-heading\" data-id=\"abf6b63\" data-element_type=\"widget\" data-e-type=\"widget\" data-widget_type=\"heading.default\">\n\t\t\t\t\t<h2 class=\"elementor-heading-title elementor-size-default\">Ontdek Carratraca<\/h2>\t\t\t\t<\/div>\n\t\t\t\t<div class=\"elementor-element elementor-element-e74ab8e elementor-widget elementor-widget-text-editor\" data-id=\"e74ab8e\" data-element_type=\"widget\" data-e-type=\"widget\" data-widget_type=\"text-editor.default\">\n\t\t\t\t\t\t\t\t\t<p>Op slechts een steenworp afstand van El Buf\u00f3n de la Corte ligt Carratraca, een klein Andalusisch dorpje, omgeven door bergen en natuur. Ontdek het lokale karakter, de geschiedenis en de omgeving van dit dorpje, en ontdek waarom het zo\u2019n bijzondere uitvalsbasis is om dit deel van M\u00e1laga te verkennen.<\/p>\t\t\t\t\t\t\t\t<\/div>\n\t\t\t\t<\/div>\n\t\t<div class=\"elementor-element elementor-element-4d27733 e-con-full e-flex e-con e-child\" data-id=\"4d27733\" data-element_type=\"container\" data-e-type=\"container\">\n\t\t\t\t<div class=\"elementor-element elementor-element-d5e168a elementor-widget elementor-widget-global elementor-global-107 elementor-widget-button\" data-id=\"d5e168a\" data-element_type=\"widget\" data-e-type=\"widget\" data-widget_type=\"button.default\">\n\t\t\t\t\t\t\t\t\t\t<a class=\"elementor-button elementor-button-link elementor-size-sm\" href=\"\/nl\/spain\/\">\n\t\t\t\t\t\t<span class=\"elementor-button-content-wrapper\">\n\t\t\t\t\t\t\t\t\t<span class=\"elementor-button-text\">Ontdek Carratraca<\/span>\n\t\t\t\t\t<\/span>\n\t\t\t\t\t<\/a>\n\t\t\t\t\t\t\t\t<\/div>\n\t\t\t\t<\/div>\n\t\t\t\t<\/div>\n\t\t<div class=\"elementor-element elementor-element-405e350 e-con-full e-flex e-con e-child\" data-id=\"405e350\" data-element_type=\"container\" data-e-type=\"container\">\n\t\t\t\t<div class=\"elementor-element elementor-element-9478772 elementor-widget elementor-widget-image\" data-id=\"9478772\" data-element_type=\"widget\" data-e-type=\"widget\" data-widget_type=\"image.default\">\n\t\t\t\t\t\t\t\t\t\t\t\t\t\t\t<img loading=\"lazy\" decoding=\"async\" width=\"800\" height=\"559\" src=\"https:\/\/elbufondelacorte.com\/wp-content\/uploads\/2026\/08\/Carratraca.jpg\" class=\"attachment-large size-large wp-image-110\" alt=\"\" srcset=\"https:\/\/elbufondelacorte.com\/wp-content\/uploads\/2026\/08\/Carratraca.jpg 832w, https:\/\/elbufondelacorte.com\/wp-content\/uploads\/2026\/08\/Carratraca-300x209.jpg 300w, https:\/\/elbufondelacorte.com\/wp-content\/uploads\/2026\/08\/Carratraca-768x536.jpg 768w\" sizes=\"(max-width: 800px) 100vw, 800px\" \/>\t\t\t\t\t\t\t\t\t\t\t\t\t\t\t<\/div>\n\t\t\t\t<\/div>\n\t\t\t\t<\/div>\n\t\t\t\t\t<\/div>\n\t\t\t\t<\/div>\n\t\t\t\t<\/div>","protected":false},"excerpt":{"rendered":"<p>Sleep in a piece of history Stay in an authentic 1880 watermill near Carratraca, surrounded by nature and perfectly placed for discovering M\u00e1laga, Caminito del Rey and the mountains of Andalusia. See all rooms Packages Find your room at El Buf\u00f3n de la Corte Choose from six comfortable rooms in our historic watermill and make [&hellip;]<\/p>\n","protected":false},"author":1,"featured_media":0,"parent":0,"menu_order":0,"comment_status":"closed","ping_status":"closed","template":"","meta":{"footnotes":""},"class_list":["post-10","page","type-page","status-publish","hentry"],"_links":{"self":[{"href":"https:\/\/elbufondelacorte.com\/nl\/wp-json\/wp\/v2\/pages\/10","targetHints":{"allow":["GET"]}}],"collection":[{"href":"https:\/\/elbufondelacorte.com\/nl\/wp-json\/wp\/v2\/pages"}],"about":[{"href":"https:\/\/elbufondelacorte.com\/nl\/wp-json\/wp\/v2\/types\/page"}],"author":[{"embeddable":true,"href":"https:\/\/elbufondelacorte.com\/nl\/wp-json\/wp\/v2\/users\/1"}],"replies":[{"embeddable":true,"href":"https:\/\/elbufondelacorte.com\/nl\/wp-json\/wp\/v2\/comments?post=10"}],"version-history":[{"count":160,"href":"https:\/\/elbufondelacorte.com\/nl\/wp-json\/wp\/v2\/pages\/10\/revisions"}],"predecessor-version":[{"id":1004,"href":"https:\/\/elbufondelacorte.com\/nl\/wp-json\/wp\/v2\/pages\/10\/revisions\/1004"}],"wp:attachment":[{"href":"https:\/\/elbufondelacorte.com\/nl\/wp-json\/wp\/v2\/media?parent=10"}],"curies":[{"name":"wp","href":"https:\/\/api.w.org\/{rel}","templated":true}]}}